{"version":"1.0","provider_name":"Cear\u00e1 Mais Digital: transformando a gest\u00e3o p\u00fablica","provider_url":"https:\/\/fdr.org.br\/cearamaisdigital","author_name":"rafaelsilva","author_url":"https:\/\/fdr.org.br\/cearamaisdigital\/author\/rafaelsilva\/","title":"O papel da transforma\u00e7\u00e3o digital na Gest\u00e3o P\u00fablica - Cear\u00e1 Mais Digital: transformando a gest\u00e3o p\u00fablica","type":"rich","width":600,"height":338,"html":"<blockquote class=\"wp-embedded-content\" data-secret=\"LY8Zqp79K2\"><a href=\"https:\/\/fdr.org.br\/cearamaisdigital\/lives\/o-papel-da-transformacao-digital-na-gestao-publica\/\">O papel da transforma\u00e7\u00e3o digital na Gest\u00e3o P\u00fablica<\/a><\/blockquote><iframe sandbox=\"allow-scripts\" security=\"restricted\" src=\"https:\/\/fdr.org.br\/cearamaisdigital\/lives\/o-papel-da-transformacao-digital-na-gestao-publica\/embed\/#?secret=LY8Zqp79K2\" width=\"600\" height=\"338\" title=\"&#8220;O papel da transforma\u00e7\u00e3o digital na Gest\u00e3o P\u00fablica&#8221; &#8212; Cear\u00e1 Mais Digital: transformando a gest\u00e3o p\u00fablica\" data-secret=\"LY8Zqp79K2\" frameborder=\"0\" marginwidth=\"0\" marginheight=\"0\" scrolling=\"no\" class=\"wp-embedded-content\"><\/iframe><script type=\"text\/javascript\">\n\/* <![CDATA[ *\/\n\/*! This file is auto-generated *\/\n!function(d,l){\"use strict\";l.querySelector&&d.addEventListener&&\"undefined\"!=typeof URL&&(d.wp=d.wp||{},d.wp.receiveEmbedMessage||(d.wp.receiveEmbedMessage=function(e){var t=e.data;if((t||t.secret||t.message||t.value)&&!\/[^a-zA-Z0-9]\/.test(t.secret)){for(var s,r,n,a=l.querySelectorAll('iframe[data-secret=\"'+t.secret+'\"]'),o=l.querySelectorAll('blockquote[data-secret=\"'+t.secret+'\"]'),c=new RegExp(\"^https?:$\",\"i\"),i=0;i<o.length;i++)o[i].style.display=\"none\";for(i=0;i<a.length;i++)s=a[i],e.source===s.contentWindow&&(s.removeAttribute(\"style\"),\"height\"===t.message?(1e3<(r=parseInt(t.value,10))?r=1e3:~~r<200&&(r=200),s.height=r):\"link\"===t.message&&(r=new URL(s.getAttribute(\"src\")),n=new URL(t.value),c.test(n.protocol))&&n.host===r.host&&l.activeElement===s&&(d.top.location.href=t.value))}},d.addEventListener(\"message\",d.wp.receiveEmbedMessage,!1),l.addEventListener(\"DOMContentLoaded\",function(){for(var e,t,s=l.querySelectorAll(\"iframe.wp-embedded-content\"),r=0;r<s.length;r++)(t=(e=s[r]).getAttribute(\"data-secret\"))||(t=Math.random().toString(36).substring(2,12),e.src+=\"#?secret=\"+t,e.setAttribute(\"data-secret\",t)),e.contentWindow.postMessage({message:\"ready\",secret:t},\"*\")},!1)))}(window,document);\n\/\/# sourceURL=https:\/\/fdr.org.br\/cearamaisdigital\/wp-includes\/js\/wp-embed.min.js\n\/* ]]> *\/\n<\/script>\n","thumbnail_url":"http:\/\/fdr.org.br\/cearamaisdigital\/wp-content\/uploads\/sites\/91\/2024\/12\/thumb_cearamaisdigital3.jpg","thumbnail_width":640,"thumbnail_height":480,"description":"Nesta live vamos discutir como a tecnologia est\u00e1 revolucionando a gest\u00e3o p\u00fablica e os servi\u00e7os oferecidos ao cidad\u00e3o. Convidamos especialistas de renome para aprofundar o tema. S\u00e3o eles: Carlos Eduardo dos Santos Marino, diretor da Escola de Gest\u00e3o P\u00fablica do Estado do Cear\u00e1, com vasta experi\u00eancia em administra\u00e7\u00e3o p\u00fablica e inova\u00e7\u00e3o, e Gustavo Br\u00edgido, advogado, professor e doutor em Direito Constitucional, especialista em direito digital e novas tecnologias.  Quais as vantagens da transforma\u00e7\u00e3o digital para a gest\u00e3o p\u00fablica? Como a tecnologia pode melhorar a efici\u00eancia e a transpar\u00eancia dos servi\u00e7os p\u00fablicos? Quais os desafios e as oportunidades da era digital para o setor p\u00fablico? Descubra como a transforma\u00e7\u00e3o digital est\u00e1 construindo um governo mais moderno, eficiente e pr\u00f3ximo do cidad\u00e3o!"}