{"id":12,"date":"2021-07-16T17:05:51","date_gmt":"2021-07-16T20:05:51","guid":{"rendered":"https:\/\/fdr.org.br\/inclusaoatravesdoesporte\/?page_id=12"},"modified":"2023-04-20T16:15:42","modified_gmt":"2023-04-20T19:15:42","slug":"inclusaoatravesdoesporte","status":"publish","type":"page","link":"https:\/\/fdr.org.br\/inclusaoatravesdoesporte\/","title":{"rendered":"Inclus\u00e3o Atrav\u00e9s do Esporte"},"content":{"rendered":"\t\t<div data-elementor-type=\"wp-page\" data-elementor-id=\"12\" class=\"elementor elementor-12\">\n\t\t\t\t\t\t<section class=\"elementor-section elementor-top-section elementor-element elementor-element-4b9cbb85 noMargin elementor-section-full_width elementor-section-height-default elementor-section-height-default exad-glass-effect-no exad-sticky-section-no\" data-id=\"4b9cbb85\" data-element_type=\"section\" data-settings=\"{&quot;background_background&quot;:&quot;classic&quot;}\">\n\t\t\t\t\t\t<div class=\"elementor-container elementor-column-gap-extended\">\n\t\t\t\t\t<div class=\"elementor-column elementor-col-100 elementor-top-column elementor-element elementor-element-5eb9904c exad-glass-effect-no exad-sticky-section-no\" data-id=\"5eb9904c\" data-element_type=\"column\" data-settings=\"{&quot;background_background&quot;:&quot;gradient&quot;}\">\n\t\t\t<div class=\"elementor-widget-wrap elementor-element-populated\">\n\t\t\t\t\t\t<div class=\"elementor-element elementor-element-6dd7167c exad-sticky-section-no exad-glass-effect-no elementor-widget elementor-widget-html\" data-id=\"6dd7167c\" data-element_type=\"widget\" data-widget_type=\"html.default\">\n\t\t\t\t<div class=\"elementor-widget-container\">\n\t\t\t\r\n    <nav class=\"navbar navbar-expand-lg navbar-light\">\r\n      <div class=\"container\">\r\n        <a class=\"navbar-brand\" href=\"https:\/\/fdr.org.br\/inclusaoatravesdoesporte\/\"><img decoding=\"async\" src=\"http:\/\/fdr.org.br\/inclusaoatravesdoesporte\/wp-content\/uploads\/sites\/29\/2021\/07\/isade-logo.png\"><\/a> <button aria-label=\"Toggle navigation\" class=\"navbar-toggler\" data-target=\"#navbarSupportedContent\" data-toggle=\"collapse\" type=\"button\"><span class=\"navbar-toggler-icon\"><\/span><\/button>\r\n        <div class=\"collapse navbar-collapse\" id=\"navbarSupportedContent\">\r\n          <ul class=\"navbar-nav ml-auto\">\r\n            <li class=\"nav-item\">\r\n              <a class=\"nav-link\" href=\"#apresentacao\">Apresenta\u00e7\u00e3o<\/a>\r\n            <\/li>\r\n            <li class=\"nav-item\">\r\n              <a class=\"nav-link\" href=\"#curso\">Curso<\/a>\r\n            <\/li>\r\n            <li class=\"nav-item\">\r\n              <a class=\"nav-link\" href=\"#webinar\">Webinar<\/a>\r\n            <\/li>\r\n            <li class=\"nav-item\">\r\n              <a class=\"nav-link\" href=\"https:\/\/admcursos.fdr.org.br\/inscricao\/80\">Inscri\u00e7\u00e3o<\/a>\r\n            <\/li>\r\n            <li class=\"nav-item\">\r\n              <a class=\"nav-link\" href=\"#videos\">V\u00eddeos<\/a>\r\n            <\/li>\r\n          <\/ul>\r\n        <\/div>\r\n      <\/div>\r\n    <\/nav>\r\n    \r\n    \r\n    \r\n  \r\n\r\n\t\t<\/div>\n\t\t\t\t<\/div>\n\t\t\t\t\t<\/div>\n\t\t<\/div>\n\t\t\t\t\t<\/div>\n\t\t<\/section>\n\t\t\t\t<section class=\"elementor-section elementor-top-section elementor-element elementor-element-37d20694 elementor-section-height-full elementor-hidden-phone elementor-section-boxed elementor-section-height-default elementor-section-items-middle exad-glass-effect-no exad-sticky-section-no\" data-id=\"37d20694\" data-element_type=\"section\" data-settings=\"{&quot;background_background&quot;:&quot;classic&quot;}\">\n\t\t\t\t\t\t<div class=\"elementor-container elementor-column-gap-default\">\n\t\t\t\t\t<div class=\"elementor-column elementor-col-100 elementor-top-column elementor-element elementor-element-35c563c0 exad-glass-effect-no exad-sticky-section-no\" data-id=\"35c563c0\" data-element_type=\"column\">\n\t\t\t<div class=\"elementor-widget-wrap elementor-element-populated\">\n\t\t\t\t\t\t<div class=\"elementor-element elementor-element-3e6d1c36 exad-sticky-section-no exad-glass-effect-no elementor-widget elementor-widget-image\" data-id=\"3e6d1c36\" data-element_type=\"widget\" data-widget_type=\"image.default\">\n\t\t\t\t<div class=\"elementor-widget-container\">\n\t\t\t\t\t\t\t\t\t\t\t\t\t<img fetchpriority=\"high\" decoding=\"async\" width=\"1024\" height=\"538\" src=\"https:\/\/fdr.org.br\/inclusaoatravesdoesporte\/wp-content\/uploads\/sites\/29\/2021\/07\/imagem-logo-1024x538.png\" class=\"attachment-large size-large wp-image-28\" alt=\"\" srcset=\"https:\/\/fdr.org.br\/inclusaoatravesdoesporte\/wp-content\/uploads\/sites\/29\/2021\/07\/imagem-logo-1024x538.png 1024w, https:\/\/fdr.org.br\/inclusaoatravesdoesporte\/wp-content\/uploads\/sites\/29\/2021\/07\/imagem-logo-300x158.png 300w, https:\/\/fdr.org.br\/inclusaoatravesdoesporte\/wp-content\/uploads\/sites\/29\/2021\/07\/imagem-logo-768x403.png 768w, https:\/\/fdr.org.br\/inclusaoatravesdoesporte\/wp-content\/uploads\/sites\/29\/2021\/07\/imagem-logo.png 1156w\" sizes=\"(max-width: 1024px) 100vw, 1024px\" \/>\t\t\t\t\t\t\t\t\t\t\t\t\t<\/div>\n\t\t\t\t<\/div>\n\t\t\t\t<div class=\"elementor-element elementor-element-d83f439 exad-sticky-section-no exad-glass-effect-no elementor-widget elementor-widget-spacer\" data-id=\"d83f439\" data-element_type=\"widget\" data-widget_type=\"spacer.default\">\n\t\t\t\t<div class=\"elementor-widget-container\">\n\t\t\t\t\t<div class=\"elementor-spacer\">\n\t\t\t<div class=\"elementor-spacer-inner\"><\/div>\n\t\t<\/div>\n\t\t\t\t<\/div>\n\t\t\t\t<\/div>\n\t\t\t\t<div class=\"elementor-element elementor-element-d70dbdd elementor-align-center exad-sticky-section-no exad-glass-effect-no elementor-widget elementor-widget-button\" data-id=\"d70dbdd\" data-element_type=\"widget\" data-widget_type=\"button.default\">\n\t\t\t\t<div class=\"elementor-widget-container\">\n\t\t\t\t\t<div class=\"elementor-button-wrapper\">\n\t\t\t<a class=\"elementor-button elementor-button-link elementor-size-sm\" href=\"https:\/\/cursos.fdr.org.br\/login\/index.php\">\n\t\t\t\t\t\t<span class=\"elementor-button-content-wrapper\">\n\t\t\t\t\t\t\t\t\t<span class=\"elementor-button-text\">ACESSE O CONTE\u00daDO<\/span>\n\t\t\t\t\t<\/span>\n\t\t\t\t\t<\/a>\n\t\t<\/div>\n\t\t\t\t<\/div>\n\t\t\t\t<\/div>\n\t\t\t\t<div class=\"elementor-element elementor-element-655e4ca exad-sticky-section-no exad-glass-effect-no elementor-widget elementor-widget-image\" data-id=\"655e4ca\" data-element_type=\"widget\" data-widget_type=\"image.default\">\n\t\t\t\t<div class=\"elementor-widget-container\">\n\t\t\t\t\t\t\t\t\t\t\t\t\t<img decoding=\"async\" width=\"73\" height=\"100\" src=\"https:\/\/fdr.org.br\/inclusaoatravesdoesporte\/wp-content\/uploads\/sites\/29\/2021\/07\/seta.png\" class=\"attachment-medium size-medium wp-image-106\" alt=\"\" \/>\t\t\t\t\t\t\t\t\t\t\t\t\t<\/div>\n\t\t\t\t<\/div>\n\t\t\t\t\t<\/div>\n\t\t<\/div>\n\t\t\t\t\t<\/div>\n\t\t<\/section>\n\t\t\t\t<section class=\"elementor-section elementor-top-section elementor-element elementor-element-520c6e2 elementor-section-boxed elementor-section-height-default elementor-section-height-default exad-glass-effect-no exad-sticky-section-no\" data-id=\"520c6e2\" data-element_type=\"section\">\n\t\t\t\t\t\t<div class=\"elementor-container elementor-column-gap-default\">\n\t\t\t\t\t<div class=\"elementor-column elementor-col-100 elementor-top-column elementor-element elementor-element-07f2846 exad-glass-effect-no exad-sticky-section-no\" data-id=\"07f2846\" data-element_type=\"column\">\n\t\t\t<div class=\"elementor-widget-wrap elementor-element-populated\">\n\t\t\t\t\t\t<div class=\"elementor-element elementor-element-85671da exad-sticky-section-no exad-glass-effect-no elementor-widget elementor-widget-spacer\" data-id=\"85671da\" data-element_type=\"widget\" data-widget_type=\"spacer.default\">\n\t\t\t\t<div class=\"elementor-widget-container\">\n\t\t\t\t\t<div class=\"elementor-spacer\">\n\t\t\t<div class=\"elementor-spacer-inner\"><\/div>\n\t\t<\/div>\n\t\t\t\t<\/div>\n\t\t\t\t<\/div>\n\t\t\t\t\t<\/div>\n\t\t<\/div>\n\t\t\t\t\t<\/div>\n\t\t<\/section>\n\t\t\t\t<section class=\"elementor-section elementor-top-section elementor-element elementor-element-28ea0721 elementor-section-boxed elementor-section-height-default elementor-section-height-default exad-glass-effect-no exad-sticky-section-no\" data-id=\"28ea0721\" data-element_type=\"section\" id=\"apresentacao\">\n\t\t\t\t\t\t<div class=\"elementor-container elementor-column-gap-default\">\n\t\t\t\t\t<div class=\"elementor-column elementor-col-50 elementor-top-column elementor-element elementor-element-34b6c1b0 exad-glass-effect-no exad-sticky-section-no\" data-id=\"34b6c1b0\" data-element_type=\"column\">\n\t\t\t<div class=\"elementor-widget-wrap elementor-element-populated\">\n\t\t\t\t\t\t<div class=\"elementor-element elementor-element-38c55d7 exad-sticky-section-no exad-glass-effect-no elementor-widget elementor-widget-heading\" data-id=\"38c55d7\" data-element_type=\"widget\" data-widget_type=\"heading.default\">\n\t\t\t\t<div class=\"elementor-widget-container\">\n\t\t\t<h2 class=\"elementor-heading-title elementor-size-default\">Apresenta\u00e7\u00e3o<\/h2>\t\t<\/div>\n\t\t\t\t<\/div>\n\t\t\t\t<div class=\"elementor-element elementor-element-788e35c7 exad-sticky-section-no exad-glass-effect-no elementor-widget elementor-widget-text-editor\" data-id=\"788e35c7\" data-element_type=\"widget\" data-widget_type=\"text-editor.default\">\n\t\t\t\t<div class=\"elementor-widget-container\">\n\t\t\t\t\t\t\t<p><span style=\"font-size: 11pt;line-height: 107%;font-family: Arial, sans-serif;color: #222222;background-image: initial;background-position: initial;background-size: initial;background-attachment: initial\">O esporte \u00e9 reconhecido como fen\u00f4meno plural e agregador capaz de agir como um facilitador importante do desenvolvimento humano e unificador dos povos para uma cultura de paz. No Brasil, como lei, o Estatuto da Juventude \u00e9 afirmativo ao declarar o direito ao esporte e ao acesso a equipamentos comunit\u00e1rios, socializadores e inclusivos, considerando os mais diversos aspectos educacionais, sociais e culturais. Nesse contexto \u00e9 preciso pensar a utiliza\u00e7\u00e3o do esporte como ferramenta base para o desenvolvimento humano, tendo esse aspecto o imperativo inclusivo para que atinja os seus objetivos educativos. O projeto Inclus\u00e3o Social Atrav\u00e9s do Esporte traz como objetivo principal a sensibiliza\u00e7\u00e3o e capacita\u00e7\u00e3o dos profissionais e estudantes de Educa\u00e7\u00e3o F\u00edsica, bem como de diretores e coordenadores pedag\u00f3gicos das escolas; gestores p\u00fablicos e a sociedade civil de maneira geral com interesse pelo tema. O intuito \u00e9 promover o conhecimento sobre a problem\u00e1tica da inclus\u00e3o e os processos de aprendizagem do esporte por meio de um curso de extens\u00e3o e dois webin\u00e1rios.<\/span><\/p>\t\t\t\t\t\t<\/div>\n\t\t\t\t<\/div>\n\t\t\t\t<div class=\"elementor-element elementor-element-9db2b84 elementor-align-center exad-sticky-section-no exad-glass-effect-no elementor-widget elementor-widget-button\" data-id=\"9db2b84\" data-element_type=\"widget\" data-widget_type=\"button.default\">\n\t\t\t\t<div class=\"elementor-widget-container\">\n\t\t\t\t\t<div class=\"elementor-button-wrapper\">\n\t\t\t<a class=\"elementor-button elementor-button-link elementor-size-sm\" href=\"https:\/\/cursos.fdr.org.br\/course\/view.php?id=80\" target=\"_blank\" id=\"button-one\">\n\t\t\t\t\t\t<span class=\"elementor-button-content-wrapper\">\n\t\t\t\t\t\t\t\t\t<span class=\"elementor-button-text\">CONHE\u00c7A  MAIS<\/span>\n\t\t\t\t\t<\/span>\n\t\t\t\t\t<\/a>\n\t\t<\/div>\n\t\t\t\t<\/div>\n\t\t\t\t<\/div>\n\t\t\t\t\t<\/div>\n\t\t<\/div>\n\t\t\t\t<div class=\"elementor-column elementor-col-50 elementor-top-column elementor-element elementor-element-3e952988 exad-glass-effect-no exad-sticky-section-no\" data-id=\"3e952988\" data-element_type=\"column\">\n\t\t\t<div class=\"elementor-widget-wrap elementor-element-populated\">\n\t\t\t\t\t\t<div class=\"elementor-element elementor-element-27243614 exad-sticky-section-no exad-glass-effect-no elementor-widget elementor-widget-image\" data-id=\"27243614\" data-element_type=\"widget\" data-widget_type=\"image.default\">\n\t\t\t\t<div class=\"elementor-widget-container\">\n\t\t\t\t\t\t\t\t\t\t\t\t\t<img decoding=\"async\" width=\"578\" height=\"486\" src=\"https:\/\/fdr.org.br\/inclusaoatravesdoesporte\/wp-content\/uploads\/sites\/29\/2021\/07\/imagem-apresentacao.png\" class=\"attachment-large size-large wp-image-30\" alt=\"\" srcset=\"https:\/\/fdr.org.br\/inclusaoatravesdoesporte\/wp-content\/uploads\/sites\/29\/2021\/07\/imagem-apresentacao.png 578w, https:\/\/fdr.org.br\/inclusaoatravesdoesporte\/wp-content\/uploads\/sites\/29\/2021\/07\/imagem-apresentacao-300x252.png 300w\" sizes=\"(max-width: 578px) 100vw, 578px\" \/>\t\t\t\t\t\t\t\t\t\t\t\t\t<\/div>\n\t\t\t\t<\/div>\n\t\t\t\t\t<\/div>\n\t\t<\/div>\n\t\t\t\t\t<\/div>\n\t\t<\/section>\n\t\t\t\t<section class=\"elementor-section elementor-top-section elementor-element elementor-element-6cb89219 elementor-section-boxed elementor-section-height-default elementor-section-height-default exad-glass-effect-no exad-sticky-section-no\" data-id=\"6cb89219\" data-element_type=\"section\">\n\t\t\t\t\t\t<div class=\"elementor-container elementor-column-gap-default\">\n\t\t\t\t\t<div class=\"elementor-column elementor-col-100 elementor-top-column elementor-element elementor-element-7e5b4774 exad-glass-effect-no exad-sticky-section-no\" data-id=\"7e5b4774\" data-element_type=\"column\">\n\t\t\t<div class=\"elementor-widget-wrap elementor-element-populated\">\n\t\t\t\t\t\t<div class=\"elementor-element elementor-element-75c2817d exad-sticky-section-no exad-glass-effect-no elementor-widget elementor-widget-spacer\" data-id=\"75c2817d\" data-element_type=\"widget\" data-widget_type=\"spacer.default\">\n\t\t\t\t<div class=\"elementor-widget-container\">\n\t\t\t\t\t<div class=\"elementor-spacer\">\n\t\t\t<div class=\"elementor-spacer-inner\"><\/div>\n\t\t<\/div>\n\t\t\t\t<\/div>\n\t\t\t\t<\/div>\n\t\t\t\t\t<\/div>\n\t\t<\/div>\n\t\t\t\t\t<\/div>\n\t\t<\/section>\n\t\t\t\t<section class=\"elementor-section elementor-top-section elementor-element elementor-element-79fbbf9 elementor-section-content-middle elementor-section-boxed elementor-section-height-default elementor-section-height-default exad-glass-effect-no exad-sticky-section-no\" data-id=\"79fbbf9\" data-element_type=\"section\" id=\"curso\" data-settings=\"{&quot;background_background&quot;:&quot;gradient&quot;}\">\n\t\t\t\t\t\t\t<div class=\"elementor-background-overlay\"><\/div>\n\t\t\t\t\t\t\t<div class=\"elementor-container elementor-column-gap-custom\">\n\t\t\t\t\t<div class=\"elementor-column elementor-col-100 elementor-top-column elementor-element elementor-element-95e1c19 exad-glass-effect-no exad-sticky-section-no\" data-id=\"95e1c19\" data-element_type=\"column\" data-settings=\"{&quot;background_background&quot;:&quot;slideshow&quot;,&quot;background_slideshow_gallery&quot;:[{&quot;id&quot;:&quot;46&quot;,&quot;url&quot;:&quot;http:\\\/\\\/fdr.org.br\\\/inclusaoatravesdoesporte\\\/wp-content\\\/uploads\\\/sites\\\/29\\\/2021\\\/07\\\/background-curso.png&quot;}],&quot;background_slideshow_loop&quot;:&quot;yes&quot;,&quot;background_slideshow_slide_duration&quot;:5000,&quot;background_slideshow_slide_transition&quot;:&quot;fade&quot;,&quot;background_slideshow_transition_duration&quot;:500}\">\n\t\t\t<div class=\"elementor-widget-wrap elementor-element-populated\">\n\t\t\t\t\t\t<div class=\"elementor-element elementor-element-e9b5fb7 exad-sticky-section-no exad-glass-effect-no elementor-widget elementor-widget-spacer\" data-id=\"e9b5fb7\" data-element_type=\"widget\" data-widget_type=\"spacer.default\">\n\t\t\t\t<div class=\"elementor-widget-container\">\n\t\t\t\t\t<div class=\"elementor-spacer\">\n\t\t\t<div class=\"elementor-spacer-inner\"><\/div>\n\t\t<\/div>\n\t\t\t\t<\/div>\n\t\t\t\t<\/div>\n\t\t\t\t<div class=\"elementor-element elementor-element-5bb213c exad-sticky-section-no exad-glass-effect-no elementor-widget elementor-widget-heading\" data-id=\"5bb213c\" data-element_type=\"widget\" data-widget_type=\"heading.default\">\n\t\t\t\t<div class=\"elementor-widget-container\">\n\t\t\t<h1 class=\"elementor-heading-title elementor-size-default\">Curso<\/h1>\t\t<\/div>\n\t\t\t\t<\/div>\n\t\t\t\t<div class=\"elementor-element elementor-element-fda6db0 texto-curso exad-sticky-section-no exad-glass-effect-no elementor-widget elementor-widget-heading\" data-id=\"fda6db0\" data-element_type=\"widget\" id=\"texto-curso\" data-widget_type=\"heading.default\">\n\t\t\t\t<div class=\"elementor-widget-container\">\n\t\t\t<p class=\"elementor-heading-title elementor-size-default\">Considerando o esporte como experi\u00eancia unificadora de dimens\u00f5es biol\u00f3gicas, f\u00edsicas, motoras, l\u00fadicas, corporais, t\u00e9cnicas e t\u00e1ticas, culturais, psicol\u00f3gicas, sociais e afetivas, o curso de extens\u00e3o \u201cInclus\u00e3o Social Atrav\u00e9s do Esporte\u201d tem como foco a aquisi\u00e7\u00e3o inclusiva de compet\u00eancias para todos os aprendizes do esporte, em especial as pessoas com defici\u00eancia. Desenvolvido na modalidade de Ensino a Dist\u00e2ncia,  tem carga hor\u00e1ria total de 140 horas aula, 12 fasc\u00edculos, 12 videoaulas e 12 podcasts,  disponibilizados no Ambiente Virtual de Aprendizagem da Funda\u00e7\u00e3o Dem\u00f3crito Rocha, ao longo de 12 semanas, a partir do dia 7 de setembro. Com inscri\u00e7\u00f5es gratuitas, esse formato possibilita uma abordagem multidisciplinar da inclus\u00e3o, tendo efetivamente como proposta gerar conhecimentos que proporcionem uma interven\u00e7\u00e3o profissional segura e eficaz. Certamente, o curso apresentar\u00e1 uma experi\u00eancia inigual\u00e1vel aos participantes, trazendo para o centro das discuss\u00f5es a inclus\u00e3o social pelo esporte.<\/p>\t\t<\/div>\n\t\t\t\t<\/div>\n\t\t\t\t<div class=\"elementor-element elementor-element-9b12627 elementor-widget-divider--view-line exad-sticky-section-no exad-glass-effect-no elementor-widget elementor-widget-divider\" data-id=\"9b12627\" data-element_type=\"widget\" data-widget_type=\"divider.default\">\n\t\t\t\t<div class=\"elementor-widget-container\">\n\t\t\t\t\t<div class=\"elementor-divider\">\n\t\t\t<span class=\"elementor-divider-separator\">\n\t\t\t\t\t\t<\/span>\n\t\t<\/div>\n\t\t\t\t<\/div>\n\t\t\t\t<\/div>\n\t\t\t\t<div class=\"elementor-element elementor-element-08f73c5 exad-sticky-section-no exad-glass-effect-no elementor-widget elementor-widget-spacer\" data-id=\"08f73c5\" data-element_type=\"widget\" data-widget_type=\"spacer.default\">\n\t\t\t\t<div class=\"elementor-widget-container\">\n\t\t\t\t\t<div class=\"elementor-spacer\">\n\t\t\t<div class=\"elementor-spacer-inner\"><\/div>\n\t\t<\/div>\n\t\t\t\t<\/div>\n\t\t\t\t<\/div>\n\t\t\t\t\t<\/div>\n\t\t<\/div>\n\t\t\t\t\t<\/div>\n\t\t<\/section>\n\t\t\t\t<section class=\"elementor-section elementor-top-section elementor-element elementor-element-785b935 elementor-section-boxed elementor-section-height-default elementor-section-height-default exad-glass-effect-no exad-sticky-section-no\" data-id=\"785b935\" data-element_type=\"section\">\n\t\t\t\t\t\t<div class=\"elementor-container elementor-column-gap-default\">\n\t\t\t\t\t<div class=\"elementor-column elementor-col-100 elementor-top-column elementor-element elementor-element-819b974 exad-glass-effect-no exad-sticky-section-no\" data-id=\"819b974\" data-element_type=\"column\">\n\t\t\t<div class=\"elementor-widget-wrap elementor-element-populated\">\n\t\t\t\t\t\t<div class=\"elementor-element elementor-element-5c3d894 elementor-widget-divider--view-line exad-sticky-section-no exad-glass-effect-no elementor-widget elementor-widget-divider\" data-id=\"5c3d894\" data-element_type=\"widget\" data-widget_type=\"divider.default\">\n\t\t\t\t<div class=\"elementor-widget-container\">\n\t\t\t\t\t<div class=\"elementor-divider\">\n\t\t\t<span class=\"elementor-divider-separator\">\n\t\t\t\t\t\t<\/span>\n\t\t<\/div>\n\t\t\t\t<\/div>\n\t\t\t\t<\/div>\n\t\t\t\t\t<\/div>\n\t\t<\/div>\n\t\t\t\t\t<\/div>\n\t\t<\/section>\n\t\t\t\t<section class=\"elementor-section elementor-top-section elementor-element elementor-element-eb771eb elementor-section-boxed elementor-section-height-default elementor-section-height-default exad-glass-effect-no exad-sticky-section-no\" data-id=\"eb771eb\" data-element_type=\"section\">\n\t\t\t\t\t\t<div class=\"elementor-container elementor-column-gap-default\">\n\t\t\t\t\t<div class=\"elementor-column elementor-col-100 elementor-top-column elementor-element elementor-element-dbf0859 exad-glass-effect-no exad-sticky-section-no\" data-id=\"dbf0859\" data-element_type=\"column\">\n\t\t\t<div class=\"elementor-widget-wrap elementor-element-populated\">\n\t\t\t\t\t\t<div class=\"elementor-element elementor-element-2187e42 elementor-tabs-view-horizontal exad-sticky-section-no exad-glass-effect-no elementor-widget elementor-widget-tabs\" data-id=\"2187e42\" data-element_type=\"widget\" data-widget_type=\"tabs.default\">\n\t\t\t\t<div class=\"elementor-widget-container\">\n\t\t\t\t\t<div class=\"elementor-tabs\">\n\t\t\t<div class=\"elementor-tabs-wrapper\" role=\"tablist\" >\n\t\t\t\t\t\t\t\t\t<div id=\"elementor-tab-title-3511\" class=\"elementor-tab-title elementor-tab-desktop-title\" aria-selected=\"true\" data-tab=\"1\" role=\"tab\" tabindex=\"0\" aria-controls=\"elementor-tab-content-3511\" aria-expanded=\"false\">Coordenador de Conte\u00fado<\/div>\n\t\t\t\t\t\t\t\t\t<div id=\"elementor-tab-title-3512\" class=\"elementor-tab-title elementor-tab-desktop-title\" aria-selected=\"false\" data-tab=\"2\" role=\"tab\" tabindex=\"-1\" aria-controls=\"elementor-tab-content-3512\" aria-expanded=\"false\">Conte\u00fado Program\u00e1tico<\/div>\n\t\t\t\t\t\t\t\t\t<div id=\"elementor-tab-title-3513\" class=\"elementor-tab-title elementor-tab-desktop-title\" aria-selected=\"false\" data-tab=\"3\" role=\"tab\" tabindex=\"-1\" aria-controls=\"elementor-tab-content-3513\" aria-expanded=\"false\">Conteudistas<\/div>\n\t\t\t\t\t\t\t<\/div>\n\t\t\t<div class=\"elementor-tabs-content-wrapper\" role=\"tablist\" aria-orientation=\"vertical\">\n\t\t\t\t\t\t\t\t\t<div class=\"elementor-tab-title elementor-tab-mobile-title\" aria-selected=\"true\" data-tab=\"1\" role=\"tab\" tabindex=\"0\" aria-controls=\"elementor-tab-content-3511\" aria-expanded=\"false\">Coordenador de Conte\u00fado<\/div>\n\t\t\t\t\t<div id=\"elementor-tab-content-3511\" class=\"elementor-tab-content elementor-clearfix\" data-tab=\"1\" role=\"tabpanel\" aria-labelledby=\"elementor-tab-title-3511\" tabindex=\"0\" hidden=\"false\"><p><img loading=\"lazy\" decoding=\"async\" class=\"alignnone size-medium wp-image-309\" src=\"http:\/\/fdr.org.br\/inclusaoatravesdoesporte\/wp-content\/uploads\/sites\/29\/2021\/08\/RICARDO-CATUNDA-1-300x197.jpeg\" alt=\"Foto do coordenador. Ele \u00e9 careca, usa \u00f3culos e cavanhaque e fala em um microfone. Est\u00e1 usando um terno preto e uma camisa social de cor clara em frente a uma apresenta\u00e7\u00e3o de slides.\" width=\"300\" height=\"197\" srcset=\"https:\/\/fdr.org.br\/inclusaoatravesdoesporte\/wp-content\/uploads\/sites\/29\/2021\/08\/RICARDO-CATUNDA-1-300x197.jpeg 300w, https:\/\/fdr.org.br\/inclusaoatravesdoesporte\/wp-content\/uploads\/sites\/29\/2021\/08\/RICARDO-CATUNDA-1-1024x672.jpeg 1024w, https:\/\/fdr.org.br\/inclusaoatravesdoesporte\/wp-content\/uploads\/sites\/29\/2021\/08\/RICARDO-CATUNDA-1-768x504.jpeg 768w, https:\/\/fdr.org.br\/inclusaoatravesdoesporte\/wp-content\/uploads\/sites\/29\/2021\/08\/RICARDO-CATUNDA-1.jpeg 1280w\" sizes=\"(max-width: 300px) 100vw, 300px\" \/><\/p><p><strong>Ricardo Catunda<\/strong><\/p><p>Doutor em Ci\u00eancias da Educa\u00e7\u00e3o pela Universidade de Lisboa, com p\u00f3s-doutorado em Educa\u00e7\u00e3o para a Sa\u00fade pelo Centro de Estudos de Educa\u00e7\u00e3o e Promo\u00e7\u00e3o da Sa\u00fade da mesma institui\u00e7\u00e3o. Mestre em Educa\u00e7\u00e3o e Sa\u00fade pela Universidade de Fortaleza (Unifor); licenciado em Educa\u00e7\u00e3o F\u00edsica; professor adjunto da Universidade Estadual do Cear\u00e1 (Uece); l\u00edder do N\u00facleo de Investiga\u00e7\u00e3o em Atividade F\u00edsica na Escola (NIAFE) e conselheiro membro fundador e presidente da Comiss\u00e3o de Educa\u00e7\u00e3o F\u00edsica Escolar do Conselho Federal de Educa\u00e7\u00e3o F\u00edsica (CONFEF).<\/p><\/div>\n\t\t\t\t\t\t\t\t\t<div class=\"elementor-tab-title elementor-tab-mobile-title\" aria-selected=\"false\" data-tab=\"2\" role=\"tab\" tabindex=\"-1\" aria-controls=\"elementor-tab-content-3512\" aria-expanded=\"false\">Conte\u00fado Program\u00e1tico<\/div>\n\t\t\t\t\t<div id=\"elementor-tab-content-3512\" class=\"elementor-tab-content elementor-clearfix\" data-tab=\"2\" role=\"tabpanel\" aria-labelledby=\"elementor-tab-title-3512\" tabindex=\"0\" hidden=\"hidden\"><p><b>7 a 11\/9<br \/><\/b><b>M\u00f3dulo 1 \u2013 <\/b><span style=\"font-weight: 400\">Princ\u00edpios da Pr\u00e1tica Esportiva Inclusiva<br \/><\/span><span style=\"font-weight: 400\">Autor: Ricardo Catunda<\/span><\/p><p><b>14 a 18\/9<br \/><\/b><b>M\u00f3dulo 2 \u2013 <\/b><span style=\"font-weight: 400\">Pr\u00e1tica esportiva para pessoas com defici\u00eancia: legisla\u00e7\u00e3o, normas e fiscaliza\u00e7\u00e3o no Brasil<br \/><\/span><span style=\"font-weight: 400\">Autor: Wellington Gomes Feitosa<\/span><\/p><p><b>21 a 25\/9<br \/><\/b><b>M\u00f3dulo 3 \u2013 <\/b><span style=\"font-weight: 400\">O profissional de Educa\u00e7\u00e3o F\u00edsica como agente de inclus\u00e3o pelo esporte<br \/><\/span><span style=\"font-weight: 400\">Autores: Carla Samya Nogueira Falc\u00e3o e David Xavier dos Santos<\/span><\/p><p><b>28\/9 a 2\/10<br \/><\/b><b>M\u00f3dulo 4 \u2013 <\/b><span style=\"font-weight: 400\">Atividade f\u00edsica versus esportes de alto rendimento: aplicabilidade para pessoas com defici\u00eancia<br \/><\/span><span style=\"font-weight: 400\">Autores: Adriano C\u00e9sar Carneiro Loureiro e Daniel Nogueira Godinho<\/span><\/p><p><b>5 a 9\/10<br \/><\/b><b>M\u00f3dulo 5 \u2013 <\/b><span style=\"font-weight: 400\">Esporte adaptado como ferramenta para o protagonismo e transforma\u00e7\u00e3o social<br \/><\/span><span style=\"font-weight: 400\">Autor: M\u00e1rio Ant\u00f4nio de Moura Simim<\/span><\/p><p><b>12 a 16\/10<br \/><\/b><b>M\u00f3dulo 6 \u2013 <\/b><span style=\"font-weight: 400\">Pr\u00e1ticas inclusivas na escola: atribui\u00e7\u00f5es da educa\u00e7\u00e3o f\u00edsica<br \/><\/span><span style=\"font-weight: 400\">Autores: Ana Luisa Batista Santos, Jos\u00e9 Jander Teixeira de Oliveira e Matheus Pontes Lopes\u00a0<\/span><\/p><p><b>19 a 23\/10<br \/><\/b><b>M\u00f3dulo 7 \u2013 <\/b><span style=\"font-weight: 400\">Educa\u00e7\u00e3o inclusiva para o esporte: modelos de ensino e estrat\u00e9gias pedag\u00f3gicas<br \/><\/span><span style=\"font-weight: 400\">Autores: Jos\u00e9 Airton de Freitas Pontes J\u00fanior e L\u00edvia Marques Quixad\u00e1<\/span><\/p><p><b>26 a 30\/10<br \/><\/b><b>M\u00f3dulo 8 \u2013 <\/b><span style=\"font-weight: 400\">Identifica\u00e7\u00e3o e enfrentamento das barreiras f\u00edsicas e culturais para a acessibilidade<br \/><\/span><span style=\"font-weight: 400\">Autores: Helvio Feliciano Moreira e Regina Helena Tahim Souza Neiva<\/span><\/p><p><b>2 a 6\/11<br \/><\/b><b>M\u00f3dulo 9 \u2013 <\/b><span style=\"font-weight: 400\">Tecnologia Assistiva para a inclus\u00e3o e autonomia da pessoa com defici\u00eancia<br \/><\/span><span style=\"font-weight: 400\">Autores: Ruth da Silva Lima, Ana L\u00facia Silva Farias, Anax\u00e1goras Maia Gir\u00e3o e Izabeli Sales Matos<\/span><\/p><p><b>9 a 13\/11<br \/><\/b><b>M\u00f3dulo 10 \u2013 <\/b><span style=\"font-weight: 400\">Pol\u00edticas p\u00fablicas para inclus\u00e3o e educa\u00e7\u00e3o pelo esporte<br \/><\/span><span style=\"font-weight: 400\">Autores: Celina Sousa Gontijo e Bernardo Luiz Brahim Cortez<\/span><\/p><p><b>16 a 20\/11<br \/><\/b><b>M\u00f3dulo 11 \u2013 <\/b><span style=\"font-weight: 400\">Fundamentos da a\u00e7\u00e3o do gestor de esporte para a educa\u00e7\u00e3o inclusiva<br \/><\/span><span style=\"font-weight: 400\">Autor: Felipe J. Aidar<\/span><\/p><p><b>23 a 27\/11<br \/><\/b><b>M\u00f3dulo 12 \u2013 <\/b><span style=\"font-weight: 400\">Estudo de casos: apresenta\u00e7\u00e3o e an\u00e1lise de casos de sucesso no esporte inclusivo<br \/><\/span><span style=\"font-weight: 400\">Autor: Felipe Nogueira Catunda<\/span><\/p><\/div>\n\t\t\t\t\t\t\t\t\t<div class=\"elementor-tab-title elementor-tab-mobile-title\" aria-selected=\"false\" data-tab=\"3\" role=\"tab\" tabindex=\"-1\" aria-controls=\"elementor-tab-content-3513\" aria-expanded=\"false\">Conteudistas<\/div>\n\t\t\t\t\t<div id=\"elementor-tab-content-3513\" class=\"elementor-tab-content elementor-clearfix\" data-tab=\"3\" role=\"tabpanel\" aria-labelledby=\"elementor-tab-title-3513\" tabindex=\"0\" hidden=\"hidden\"><p><img loading=\"lazy\" decoding=\"async\" class=\"alignnone wp-image-284 size-medium\" src=\"http:\/\/fdr.org.br\/inclusaoatravesdoesporte\/wp-content\/uploads\/sites\/29\/2021\/08\/ADRIANO-LOUREIRO-300x298.jpeg\" alt=\"Foto do palestrante: um homem branco, de cabelo curto e escuro, usando um blazer preto e uma camisa social branca e sorrindo para a c\u00e2mera\" width=\"300\" height=\"298\" srcset=\"https:\/\/fdr.org.br\/inclusaoatravesdoesporte\/wp-content\/uploads\/sites\/29\/2021\/08\/ADRIANO-LOUREIRO-300x298.jpeg 300w, https:\/\/fdr.org.br\/inclusaoatravesdoesporte\/wp-content\/uploads\/sites\/29\/2021\/08\/ADRIANO-LOUREIRO-150x150.jpeg 150w, https:\/\/fdr.org.br\/inclusaoatravesdoesporte\/wp-content\/uploads\/sites\/29\/2021\/08\/ADRIANO-LOUREIRO.jpeg 750w\" sizes=\"(max-width: 300px) 100vw, 300px\" \/><\/p><p><b>Adriano C\u00e9sar Carneiro Loureiro<\/b><\/p><p><span style=\"font-weight: 400\">Doutor em Biologia e Fisiologia pela Universidade Federal do Rio de Janeiro (UFRJ). Mestre em Ci\u00eancias Fisiol\u00f3gicas pela Universidade Estadual do Cear\u00e1 (UECE). Profissional de Educa\u00e7\u00e3o F\u00edsica formado pela Universidade de Fortaleza (Unifor). Professor adjunto da Universidade Estadual do Cear\u00e1 (Uece). Membro da Academia Brasileira de Treinadores do Comit\u00ea Ol\u00edmpico Brasileiro.<\/span><\/p><p><img loading=\"lazy\" decoding=\"async\" class=\"alignnone wp-image-285 size-medium\" src=\"http:\/\/fdr.org.br\/inclusaoatravesdoesporte\/wp-content\/uploads\/sites\/29\/2021\/08\/ANA-LUCIA-e1628101060978-206x300.jpeg\" alt=\"Foto da palestrante: uma mulher branca, de cabelos lisos e loiros e olhos castanhos, usando uma blusa sem mangas colorida\" width=\"206\" height=\"300\" srcset=\"https:\/\/fdr.org.br\/inclusaoatravesdoesporte\/wp-content\/uploads\/sites\/29\/2021\/08\/ANA-LUCIA-e1628101060978-206x300.jpeg 206w, https:\/\/fdr.org.br\/inclusaoatravesdoesporte\/wp-content\/uploads\/sites\/29\/2021\/08\/ANA-LUCIA-e1628101060978.jpeg 576w\" sizes=\"(max-width: 206px) 100vw, 206px\" \/><\/p><p><b>Ana L\u00facia Silva Farias<\/b><\/p><p><span style=\"font-weight: 400\">Especialista em Literatura Brasileira. Graduada em Letras\/Portugu\u00eas-Literatura pela UECE. Cursando especializa\u00e7\u00e3o em Neuropsicopedagogia. Professora efetiva da Secretaria de Educa\u00e7\u00e3o do Estado do Cear\u00e1 &#8211; AEE e forma\u00e7\u00e3o de professores. Professora de L\u00edngua Portuguesa na Rede Particular de Ensino. Possui conhecimento em Libras e em Braille.<\/span><\/p><p><img loading=\"lazy\" decoding=\"async\" class=\"alignnone wp-image-286 size-medium\" src=\"http:\/\/fdr.org.br\/inclusaoatravesdoesporte\/wp-content\/uploads\/sites\/29\/2021\/08\/ANA-LUISA-234x300.jpeg\" alt=\"Foto da palestrante: uma mulher branca, de cabelos e olhos escuros, sorrindo para a c\u00e2mera\" width=\"234\" height=\"300\" srcset=\"https:\/\/fdr.org.br\/inclusaoatravesdoesporte\/wp-content\/uploads\/sites\/29\/2021\/08\/ANA-LUISA-234x300.jpeg 234w, https:\/\/fdr.org.br\/inclusaoatravesdoesporte\/wp-content\/uploads\/sites\/29\/2021\/08\/ANA-LUISA.jpeg 572w\" sizes=\"(max-width: 234px) 100vw, 234px\" \/><\/p><p><b>Ana Luisa Batista Santos<\/b><\/p><p><span style=\"font-weight: 400\">Mestra em Sa\u00fade Coletiva (Uece) e em Engenharia Aerona\u00fatica e Mec\u00e2nica (ITA). Graduada em Educa\u00e7\u00e3o F\u00edsica pela Universidade Estadual do Cear\u00e1 (UECE), com gradua\u00e7\u00e3o sandu\u00edche na Indiana University (IN), nos Estados Unidos. Professora do Instituto Federal do Maranh\u00e3o. Coordenadora do curso de Educa\u00e7\u00e3o F\u00edsica da Faculdade do Vale do Jaguaribe.<\/span><\/p><p><img loading=\"lazy\" decoding=\"async\" class=\"alignnone wp-image-287 size-medium\" src=\"http:\/\/fdr.org.br\/inclusaoatravesdoesporte\/wp-content\/uploads\/sites\/29\/2021\/08\/ANAXAGORAS-GIRAO-226x300.jpeg\" alt=\"Foto do palestrante: um homem branco, de bigode e barba, usando uma camisa vermelha de gola polo\" width=\"226\" height=\"300\" srcset=\"https:\/\/fdr.org.br\/inclusaoatravesdoesporte\/wp-content\/uploads\/sites\/29\/2021\/08\/ANAXAGORAS-GIRAO-226x300.jpeg 226w, https:\/\/fdr.org.br\/inclusaoatravesdoesporte\/wp-content\/uploads\/sites\/29\/2021\/08\/ANAXAGORAS-GIRAO.jpeg 415w\" sizes=\"(max-width: 226px) 100vw, 226px\" \/><\/p><p><b>Anax\u00e1goras Maia Gir\u00e3o<\/b><\/p><p><span style=\"font-weight: 400\">Engenheiro eletricista formado pela Universidade Federal do Cear\u00e1 (UFC). Especialista em Arquitetura de Computadores. Professor pesquisador do IFCE Campus Fortaleza. Coordena o Laborat\u00f3rio de Pesquisa Aplicada e Desenvolvimento em Automa\u00e7\u00e3o (LAPADA), que tem foco no desenvolvimento de Tecnologias Assistivas voltadas a pessoas cegas. Entre os produtos desenvolvidos na \u00e1rea est\u00e3o o mouse braille (Port\u00e1ctil), a cella braille aumentada para alfabetiza\u00e7\u00e3o em braille (EdukBraille), a reglete digital, o flanel\u00f3grafo braille e a impressora braille. \u00c9 tamb\u00e9m diretor presidente do Instituto Iracema de Pesquisa e Inova\u00e7\u00e3o.<\/span><\/p><p><img loading=\"lazy\" decoding=\"async\" class=\"alignnone wp-image-288 size-medium\" src=\"http:\/\/fdr.org.br\/inclusaoatravesdoesporte\/wp-content\/uploads\/sites\/29\/2021\/08\/BERNARDO-201x300.jpeg\" alt=\"Foto do palestrante: um homem branco, de cabelo grisalho e \u00f3culos, sorrindo para a c\u00e2mera\" width=\"201\" height=\"300\" srcset=\"https:\/\/fdr.org.br\/inclusaoatravesdoesporte\/wp-content\/uploads\/sites\/29\/2021\/08\/BERNARDO-201x300.jpeg 201w, https:\/\/fdr.org.br\/inclusaoatravesdoesporte\/wp-content\/uploads\/sites\/29\/2021\/08\/BERNARDO-685x1024.jpeg 685w, https:\/\/fdr.org.br\/inclusaoatravesdoesporte\/wp-content\/uploads\/sites\/29\/2021\/08\/BERNARDO-768x1148.jpeg 768w, https:\/\/fdr.org.br\/inclusaoatravesdoesporte\/wp-content\/uploads\/sites\/29\/2021\/08\/BERNARDO.jpeg 856w\" sizes=\"(max-width: 201px) 100vw, 201px\" \/><\/p><p><b>Bernardo Luiz Brahim Cortez<\/b><\/p><p><span style=\"font-weight: 400\">Licenciado e bacharel em Educa\u00e7\u00e3o F\u00edsica pela Universidade Federal de Vi\u00e7osa (UFV). Bacharel em Fisioterapia pelo Uniarax\u00e1. Especialista pela Faculdade de Medicina da Universidade Federal de Minas Gerais (UFMG). Especialista em Fisioterapia Respirat\u00f3ria e em Fisioterapia em Geriatria e Gerontologia (Grupo IBRA). Especialista em Treinamento Esportivo com \u00eanfase em Voleibol (UNICLAR). Professor de Educa\u00e7\u00e3o F\u00edsica da Secretaria de Estado da Educa\u00e7\u00e3o de Minas Gerais (SEE).<\/span><\/p><p><img loading=\"lazy\" decoding=\"async\" class=\"alignnone wp-image-289 size-medium\" src=\"http:\/\/fdr.org.br\/inclusaoatravesdoesporte\/wp-content\/uploads\/sites\/29\/2021\/08\/CARLA-SAMYA-172x300.jpeg\" alt=\"Foto da palestrante: uma mulher branca, de cabelo ondulado e escuro, com uma camisa e um crach\u00e1 coloridos com tem\u00e1tica esportiva. Ela sorri para a c\u00e2mera.\" width=\"172\" height=\"300\" srcset=\"https:\/\/fdr.org.br\/inclusaoatravesdoesporte\/wp-content\/uploads\/sites\/29\/2021\/08\/CARLA-SAMYA-172x300.jpeg 172w, https:\/\/fdr.org.br\/inclusaoatravesdoesporte\/wp-content\/uploads\/sites\/29\/2021\/08\/CARLA-SAMYA.jpeg 559w\" sizes=\"(max-width: 172px) 100vw, 172px\" \/><\/p><p><b>Carla Samya Nogueira Falc\u00e3o<\/b><\/p><p><span style=\"font-weight: 400\">Mestre em Sa\u00fade Coletiva pela Universidade Estadual do Cear\u00e1 (UECE); especialista em Gest\u00e3o em Sa\u00fade pela UNILAB; especialista em Orienta\u00e7\u00e3o e Mobilidade pelo Instituto Federal de Educa\u00e7\u00e3o, Ci\u00eancia e Tecnologia do Cear\u00e1 (IFCE) e profissional de Educa\u00e7\u00e3o F\u00edsica formada pela Universidade Estadual Vale do Acara\u00fa (UVA). Membro da Comiss\u00e3o de Esportes do Cref5, do Grupo de Estudos e Pesquisas em Educa\u00e7\u00e3o F\u00edsica Escolar (GEPEFE) e do Grupo de Estudos em Educa\u00e7\u00e3o F\u00edsica e Desporto Adaptado (GEFDA\/UFC). Treinadora da equipe de V\u00f4lei Sentado da Associa\u00e7\u00e3o D\u2019Efici\u00eancia Superando Limites (ADESUL).<\/span><\/p><p><img loading=\"lazy\" decoding=\"async\" class=\"alignnone wp-image-290 size-medium\" src=\"http:\/\/fdr.org.br\/inclusaoatravesdoesporte\/wp-content\/uploads\/sites\/29\/2021\/08\/CELINA-183x300.jpeg\" alt=\"Foto da palestrante: uma mulher branca, de cabelos pretos e ondulados e \u00f3culos, sorrindo para a c\u00e2mera\" width=\"183\" height=\"300\" srcset=\"https:\/\/fdr.org.br\/inclusaoatravesdoesporte\/wp-content\/uploads\/sites\/29\/2021\/08\/CELINA-183x300.jpeg 183w, https:\/\/fdr.org.br\/inclusaoatravesdoesporte\/wp-content\/uploads\/sites\/29\/2021\/08\/CELINA-624x1024.jpeg 624w, https:\/\/fdr.org.br\/inclusaoatravesdoesporte\/wp-content\/uploads\/sites\/29\/2021\/08\/CELINA-768x1260.jpeg 768w, https:\/\/fdr.org.br\/inclusaoatravesdoesporte\/wp-content\/uploads\/sites\/29\/2021\/08\/CELINA.jpeg 780w\" sizes=\"(max-width: 183px) 100vw, 183px\" \/><\/p><p><b>Celina Sousa Gontijo<\/b><\/p><p><span style=\"font-weight: 400\">Licenciada e bacharela em Educa\u00e7\u00e3o F\u00edsica pela Universidade Federal de Minas Gerais (UFMG). P\u00f3s-graduada em Educa\u00e7\u00e3o F\u00edsica Escolar pela Universidade Gama Filho e em Gest\u00e3o do Trabalho Pedag\u00f3gico (Supervis\u00e3o, Orienta\u00e7\u00e3o, Inspe\u00e7\u00e3o e ADM) pelo Instituto Alfa. Foi coordenadora do N\u00facleo de Desenvolvimento do Esporte Escolar da Secretaria de Estado de Educa\u00e7\u00e3o de Minas Gerais (2009-2018) e \u00e9 interlocutora da parceria estabelecida para execu\u00e7\u00e3o dos Jogos Escolares de Minas Gerais \u2013 JEMG (2007-2021). Tamb\u00e9m atuou como interlocutora da parceria com o Instituto Pen\u00ednsula \/ Programa Impulsiona para forma\u00e7\u00e3o continuada de professores de Educa\u00e7\u00e3o F\u00edsica e no Instituto Supera\u00e7\u00e3o\/Basquete nas Escolas (2016-2021). Foi curadora de Educa\u00e7\u00e3o a Dist\u00e2ncia do Fundo Nacional de Desenvolvimento da educa\u00e7\u00e3o \u2013 FNDE (2018-2020) e \u00e9 membro do Conselho Estadual do Desporto (2003 -2021).<\/span><\/p><p><img loading=\"lazy\" decoding=\"async\" class=\"alignnone wp-image-291 size-medium\" src=\"http:\/\/fdr.org.br\/inclusaoatravesdoesporte\/wp-content\/uploads\/sites\/29\/2021\/08\/DAVI-240x300.jpeg\" alt=\"Foto do palestrante: um homem branco, de cabelo curto e escuro, olhando para a c\u00e2mera. Ele usa uma camisa social azul com bolinhas brancas.\" width=\"240\" height=\"300\" srcset=\"https:\/\/fdr.org.br\/inclusaoatravesdoesporte\/wp-content\/uploads\/sites\/29\/2021\/08\/DAVI-240x300.jpeg 240w, https:\/\/fdr.org.br\/inclusaoatravesdoesporte\/wp-content\/uploads\/sites\/29\/2021\/08\/DAVI-768x960.jpeg 768w, https:\/\/fdr.org.br\/inclusaoatravesdoesporte\/wp-content\/uploads\/sites\/29\/2021\/08\/DAVI.jpeg 792w\" sizes=\"(max-width: 240px) 100vw, 240px\" \/><\/p><p><b>David Xavier dos Santos<\/b><\/p><p><span style=\"font-weight: 400\">P\u00f3s-graduado em Educa\u00e7\u00e3o F\u00edsica Adaptada \u00e0 Inclus\u00e3o pela Faculdade Venda Nova do Imigrante (FAVENI) e graduado em Educa\u00e7\u00e3o F\u00edsica (licenciatura e bacharelado) pela Universidade Estadual Vale do Acara\u00fa (UVA). Atualmente, \u00e9 t\u00e9cnico da sele\u00e7\u00e3o brasileira de futebol em cadeira de rodas motorizadas e da equipe de futebol de 5 ADESUL (Associa\u00e7\u00e3o D&#8217;Efici\u00eancia Superando Limites).<\/span><\/p><p><img loading=\"lazy\" decoding=\"async\" class=\"alignnone wp-image-292 size-medium\" src=\"http:\/\/fdr.org.br\/inclusaoatravesdoesporte\/wp-content\/uploads\/sites\/29\/2021\/08\/FELIPE-AIDAR-300x300.jpeg\" alt=\"Foto do palestrante: um homem branco, de olhos e cabelos escuros\" width=\"300\" height=\"300\" srcset=\"https:\/\/fdr.org.br\/inclusaoatravesdoesporte\/wp-content\/uploads\/sites\/29\/2021\/08\/FELIPE-AIDAR-300x300.jpeg 300w, https:\/\/fdr.org.br\/inclusaoatravesdoesporte\/wp-content\/uploads\/sites\/29\/2021\/08\/FELIPE-AIDAR-150x150.jpeg 150w, https:\/\/fdr.org.br\/inclusaoatravesdoesporte\/wp-content\/uploads\/sites\/29\/2021\/08\/FELIPE-AIDAR.jpeg 716w\" sizes=\"(max-width: 300px) 100vw, 300px\" \/><\/p><p><b>Felipe J. Aidar<\/b><\/p><p><span style=\"font-weight: 400\">Doutor e mestre em Ci\u00eancia do Desporte pela Universidade de Tr\u00e1s os Montes e Alto Douro (Portugal). P\u00f3s-doutorado em Treinamento de For\u00e7a pela Universidade da Beira Interior, Covilh\u00e3, Portugal e em Bioqu\u00edmica e Imunologia, pela Universidade Federal de Minas Gerais. Profissional de Educa\u00e7\u00e3o F\u00edsica. Graduado em Ci\u00eancias Militares pela Academia de Pol\u00edcia Militar do Estado de Minas Gerais. Bacharel em Direito pela Universidade Cruzeiro do Sul. Licenciado em Pedagogia pela Universidade de Uberaba. Graduado em Educa\u00e7\u00e3o F\u00edsica pelo Centro Universit\u00e1rio do Tri\u00e2ngulo. Licenciado em Biologia pelo Centro Universit\u00e1rio Claretiano. Professor adjunto da Universidade Federal de Sergipe (UFS). Coordenador dos cursos de Halterofilismo Paral\u00edmpico do Comit\u00ea Paral\u00edmpico Brasileiro. T\u00e9cnico de Halterofilismo Paral\u00edmpico, com atletas em n\u00edvel internacional e paral\u00edmpico.<\/span><\/p><p><img loading=\"lazy\" decoding=\"async\" class=\"alignnone wp-image-293 size-medium\" src=\"http:\/\/fdr.org.br\/inclusaoatravesdoesporte\/wp-content\/uploads\/sites\/29\/2021\/08\/FELIPE-NOGUEIRA-200x300.jpeg\" alt=\"Foto do palestrante: um homem branco, de camisa branca e bra\u00e7os cruzados, sorrindo para a c\u00e2mera\" width=\"200\" height=\"300\" srcset=\"https:\/\/fdr.org.br\/inclusaoatravesdoesporte\/wp-content\/uploads\/sites\/29\/2021\/08\/FELIPE-NOGUEIRA-200x300.jpeg 200w, https:\/\/fdr.org.br\/inclusaoatravesdoesporte\/wp-content\/uploads\/sites\/29\/2021\/08\/FELIPE-NOGUEIRA-682x1024.jpeg 682w, https:\/\/fdr.org.br\/inclusaoatravesdoesporte\/wp-content\/uploads\/sites\/29\/2021\/08\/FELIPE-NOGUEIRA-768x1152.jpeg 768w, https:\/\/fdr.org.br\/inclusaoatravesdoesporte\/wp-content\/uploads\/sites\/29\/2021\/08\/FELIPE-NOGUEIRA.jpeg 853w\" sizes=\"(max-width: 200px) 100vw, 200px\" \/><\/p><p><b>Felipe Nogueira Catunda<\/b><\/p><p><span style=\"font-weight: 400\">Especialista em Fisiologia do Exerc\u00edcio F\u00edsico (UECE). Graduado em Educa\u00e7\u00e3o F\u00edsica (licenciatura\/bacharelado) pela Universidade Estadual do Cear\u00e1 (UECE). Presidente\/Fundador &#8211; Associa\u00e7\u00e3o D\u2019 Efici\u00eancia Superando Limites (ADESUL). Gestor da Rede Estadual de Ensino (SEDUC). T\u00e9cnico Atletismo N\u00edvel II pelo Comit\u00ea Paral\u00edmpico Brasileiro (CPB). Diretor da entidade respons\u00e1vel pelo Futebol de Amputados Brasileiro (ABDF). Conselheiro do CREF5 e membro da Comiss\u00e3o de Esporte do Conselho Federal de Educa\u00e7\u00e3o F\u00edsica &#8211; CONFEF. Membro do Grupo de Estudos em Educa\u00e7\u00e3o F\u00edsica e Desporto Adaptado (GEFDA\/UFC).<\/span><\/p><p><img loading=\"lazy\" decoding=\"async\" class=\"alignnone wp-image-294 size-medium\" src=\"http:\/\/fdr.org.br\/inclusaoatravesdoesporte\/wp-content\/uploads\/sites\/29\/2021\/08\/HELVIO-261x300.jpeg\" alt=\"Foto do palestrante: um homem branco, de cabelo curto e grisalho, em frente a uma parede amarela\" width=\"261\" height=\"300\" srcset=\"https:\/\/fdr.org.br\/inclusaoatravesdoesporte\/wp-content\/uploads\/sites\/29\/2021\/08\/HELVIO-261x300.jpeg 261w, https:\/\/fdr.org.br\/inclusaoatravesdoesporte\/wp-content\/uploads\/sites\/29\/2021\/08\/HELVIO-890x1024.jpeg 890w, https:\/\/fdr.org.br\/inclusaoatravesdoesporte\/wp-content\/uploads\/sites\/29\/2021\/08\/HELVIO-768x884.jpeg 768w, https:\/\/fdr.org.br\/inclusaoatravesdoesporte\/wp-content\/uploads\/sites\/29\/2021\/08\/HELVIO.jpeg 1112w\" sizes=\"(max-width: 261px) 100vw, 261px\" \/><\/p><p><b>Helvio Feliciano Moreira<\/b><\/p><p><span style=\"font-weight: 400\">Especialista em Esportes Adaptados pela Universidade Federal de Uberl\u00e2ndia (UFU). Professor de Educa\u00e7\u00e3o F\u00edsica pela Universidade Federal de Minas Gerais (UFMG). Professor da Rede Municipal de Ensino de Belo Horizonte.<\/span><\/p><p><img loading=\"lazy\" decoding=\"async\" class=\"alignnone wp-image-295 size-medium\" src=\"http:\/\/fdr.org.br\/inclusaoatravesdoesporte\/wp-content\/uploads\/sites\/29\/2021\/08\/IZABELI-MATOS-242x300.jpeg\" alt=\"Foto da palestrante: uma mulher branca, sorrindo para a c\u00e2mera. Ela usa batom vermelho, colares, um crach\u00e1 e uma blusa vinho\" width=\"242\" height=\"300\" srcset=\"https:\/\/fdr.org.br\/inclusaoatravesdoesporte\/wp-content\/uploads\/sites\/29\/2021\/08\/IZABELI-MATOS-242x300.jpeg 242w, https:\/\/fdr.org.br\/inclusaoatravesdoesporte\/wp-content\/uploads\/sites\/29\/2021\/08\/IZABELI-MATOS.jpeg 686w\" sizes=\"(max-width: 242px) 100vw, 242px\" \/><\/p><p><b>Izabeli Sales Matos<\/b><\/p><p><span style=\"font-weight: 400\">Mestra em Educa\u00e7\u00e3o pelo Programa de P\u00f3s-Gradua\u00e7\u00e3o em Educa\u00e7\u00e3o da Universidade Estadual do Cear\u00e1 (UECE). Profissional de Educa\u00e7\u00e3o F\u00edsica formada pela Universidade de Fortaleza (UNIFOR). Especialista em Atendimento Educacional Especializado (AEE) pela Universidade Federal do Cear\u00e1 (UFC); em Forma\u00e7\u00e3o de Professores na \u00c1rea da Defici\u00eancia Visual pela Sociedade de Assist\u00eancia aos Cegos; em Psicomotricidade pela Universidade Estadual do Cear\u00e1 (UECE); e em Lazer pela Universidade Federal de Minas Gerais (UFMG). Docente da Associa\u00e7\u00e3o de Cegos do Estado do Cear\u00e1 (ACEC), no AEE e Orienta\u00e7\u00e3o e Mobilidade. Docente do curso de Especializa\u00e7\u00e3o em Orienta\u00e7\u00e3o e Mobilidade do Instituto Federal de Educa\u00e7\u00e3o, Ci\u00eancias e Tecnologia do Cear\u00e1 (IFCE), e do curso de Especializa\u00e7\u00e3o em Orienta\u00e7\u00e3o e Mobilidade pela Faculdade ALPHA (Recife &#8211; PE).<\/span><\/p><p><img loading=\"lazy\" decoding=\"async\" class=\"alignnone wp-image-296 size-medium\" src=\"http:\/\/fdr.org.br\/inclusaoatravesdoesporte\/wp-content\/uploads\/sites\/29\/2021\/08\/JOSE-AIRTON-225x300.jpeg\" alt=\"Foto do palestrante: um homem branco, de bigode e barba, usando crach\u00e1 e camisa clara em frente a um jardim\" width=\"225\" height=\"300\" srcset=\"https:\/\/fdr.org.br\/inclusaoatravesdoesporte\/wp-content\/uploads\/sites\/29\/2021\/08\/JOSE-AIRTON-225x300.jpeg 225w, https:\/\/fdr.org.br\/inclusaoatravesdoesporte\/wp-content\/uploads\/sites\/29\/2021\/08\/JOSE-AIRTON-768x1024.jpeg 768w, https:\/\/fdr.org.br\/inclusaoatravesdoesporte\/wp-content\/uploads\/sites\/29\/2021\/08\/JOSE-AIRTON.jpeg 960w\" sizes=\"(max-width: 225px) 100vw, 225px\" \/><\/p><p><b>Jos\u00e9 Airton de Freitas Pontes Junior<\/b><\/p><p><span style=\"font-weight: 400\">Doutor em Educa\u00e7\u00e3o pela Universidade Federal do Cear\u00e1 (UFC). P\u00f3s-doutorado em Educa\u00e7\u00e3o, com \u00eanfase em Psicologia da Educa\u00e7\u00e3o, na Universidade do Minho (Portugal) e p\u00f3s-doutorado em Educa\u00e7\u00e3o, linha de Pol\u00edticas e Gest\u00e3o Educacional, pela Universidade Federal do Acre (UFAC). Professor efetivo da Universidade Estadual do Cear\u00e1 (UECE), vinculado ao curso Licenciatura em Educa\u00e7\u00e3o F\u00edsica, ao Mestrado Profissional Ensino na Sa\u00fade (CMEPES\/UECE) e ao Programa de P\u00f3s-Gradua\u00e7\u00e3o em Educa\u00e7\u00e3o (PPGE\/UECE). L\u00edder do grupo de pesquisa Instrumentos, Modelos e Pol\u00edticas em Avalia\u00e7\u00e3o Educacional (Grupo IMPA\/CNPq). Coordenador do Programa de P\u00f3s-Gradua\u00e7\u00e3o em Educa\u00e7\u00e3o (PPGE\/UECE). Tem desenvolvido estudos e pesquisas em Avalia\u00e7\u00e3o Educacional.\u00a0<\/span><\/p><p><img loading=\"lazy\" decoding=\"async\" class=\"alignnone wp-image-297 size-medium\" src=\"http:\/\/fdr.org.br\/inclusaoatravesdoesporte\/wp-content\/uploads\/sites\/29\/2021\/08\/JANDER-195x300.jpeg\" alt=\"Foto do palestrante: um homem negro, de barba, bigode e cabelo curtos, sorrindo para a c\u00e2mera. Ele usa uma camisa floral preta e cinza.\" width=\"195\" height=\"300\" srcset=\"https:\/\/fdr.org.br\/inclusaoatravesdoesporte\/wp-content\/uploads\/sites\/29\/2021\/08\/JANDER-195x300.jpeg 195w, https:\/\/fdr.org.br\/inclusaoatravesdoesporte\/wp-content\/uploads\/sites\/29\/2021\/08\/JANDER-664x1024.jpeg 664w, https:\/\/fdr.org.br\/inclusaoatravesdoesporte\/wp-content\/uploads\/sites\/29\/2021\/08\/JANDER.jpeg 750w\" sizes=\"(max-width: 195px) 100vw, 195px\" \/><\/p><p><b>Jos\u00e9 Jander Teixeira de Oliveira<\/b><\/p><p><span style=\"font-weight: 400\">Mestrando no Programa de P\u00f3s-gradua\u00e7\u00e3o em Educa\u00e7\u00e3o (Uece). Especialista em Educa\u00e7\u00e3o F\u00edsica no Ensino B\u00e1sico. Licenciado pleno em Educa\u00e7\u00e3o F\u00edsica e em Dan\u00e7a. Professor da Prefeitura Municipal de Fortaleza (PMF). Pesquisador do N\u00facleo de Investiga\u00e7\u00e3o em Atividade F\u00edsica na Escola (NIAFE).<\/span><\/p><p><img loading=\"lazy\" decoding=\"async\" class=\"alignnone wp-image-298 size-medium\" src=\"http:\/\/fdr.org.br\/inclusaoatravesdoesporte\/wp-content\/uploads\/sites\/29\/2021\/08\/LIVIA-MATOS-225x300.jpeg\" alt=\"Foto da palestrante: uma mulher jovem de \u00f3culos e camisa preta de mangas, sorrindo para a c\u00e2mera\" width=\"225\" height=\"300\" srcset=\"https:\/\/fdr.org.br\/inclusaoatravesdoesporte\/wp-content\/uploads\/sites\/29\/2021\/08\/LIVIA-MATOS-225x300.jpeg 225w, https:\/\/fdr.org.br\/inclusaoatravesdoesporte\/wp-content\/uploads\/sites\/29\/2021\/08\/LIVIA-MATOS-768x1024.jpeg 768w, https:\/\/fdr.org.br\/inclusaoatravesdoesporte\/wp-content\/uploads\/sites\/29\/2021\/08\/LIVIA-MATOS.jpeg 960w\" sizes=\"(max-width: 225px) 100vw, 225px\" \/><\/p><p><b>L\u00edvia Marques Quixad\u00e1<\/b><\/p><p><span style=\"font-weight: 400\">Graduada em Educa\u00e7\u00e3o F\u00edsica pela Universidade Estadual do Cear\u00e1 (UECE), cursando Especializa\u00e7\u00e3o em Educa\u00e7\u00e3o F\u00edsica Escolar (UECE). Professora pesquisadora integrante do N\u00facleo de Investiga\u00e7\u00e3o em Atividade F\u00edsica na Escola (NIAFE). Atua\u00e7\u00e3o em escolas nos n\u00edveis infantil e fundamental com Educa\u00e7\u00e3o F\u00edsica e com ensino de karat\u00ea. Possui pesquisas e trabalhos apresentados em eventos na \u00e1rea de Educa\u00e7\u00e3o F\u00edsica Escolar, Atividade F\u00edsica e Sa\u00fade.<\/span><\/p><p><img loading=\"lazy\" decoding=\"async\" class=\"alignnone wp-image-299 size-medium\" src=\"http:\/\/fdr.org.br\/inclusaoatravesdoesporte\/wp-content\/uploads\/sites\/29\/2021\/08\/MARIO-SIMIM-300x300.jpeg\" alt=\"Foto do palestrante: um homem com uma camisa escura e rel\u00f3gio segurando um microfone\" width=\"300\" height=\"300\" srcset=\"https:\/\/fdr.org.br\/inclusaoatravesdoesporte\/wp-content\/uploads\/sites\/29\/2021\/08\/MARIO-SIMIM-300x300.jpeg 300w, https:\/\/fdr.org.br\/inclusaoatravesdoesporte\/wp-content\/uploads\/sites\/29\/2021\/08\/MARIO-SIMIM-150x150.jpeg 150w, https:\/\/fdr.org.br\/inclusaoatravesdoesporte\/wp-content\/uploads\/sites\/29\/2021\/08\/MARIO-SIMIM-768x768.jpeg 768w, https:\/\/fdr.org.br\/inclusaoatravesdoesporte\/wp-content\/uploads\/sites\/29\/2021\/08\/MARIO-SIMIM.jpeg 960w\" sizes=\"(max-width: 300px) 100vw, 300px\" \/><\/p><p><b>M\u00e1rio Ant\u00f4nio de Moura Simim<\/b><\/p><p><span style=\"font-weight: 400\">Doutor em Ci\u00eancias do Esporte (UFMG), mestre em Educa\u00e7\u00e3o F\u00edsica (UFTM), especialista em Esportes e atividades f\u00edsicas inclusivas para pessoas com defici\u00eancia (UFJF) e graduado em Educa\u00e7\u00e3o F\u00edsica (Uni-BH). Professor adjunto no Instituto de Educa\u00e7\u00e3o F\u00edsica e Esportes (IEFES) da Universidade Federal do Cear\u00e1 (UFC), auxiliar t\u00e9cnico da Sele\u00e7\u00e3o Brasileira de Futebol para Amputados, membro pesquisador da Academia Paral\u00edmpica Brasileira\/CPB e coordenador do Grupo de Estudos em Educa\u00e7\u00e3o F\u00edsica e Desporto Adaptado (GEFDA\/UFC).<\/span><\/p><p><img loading=\"lazy\" decoding=\"async\" class=\"alignnone wp-image-300 size-medium\" src=\"http:\/\/fdr.org.br\/inclusaoatravesdoesporte\/wp-content\/uploads\/sites\/29\/2021\/08\/MATHEUS-PONTES-171x300.jpeg\" alt=\"Foto do palestrante: um homem jovem, de \u00f3culos e camisa xadrez\" width=\"171\" height=\"300\" srcset=\"https:\/\/fdr.org.br\/inclusaoatravesdoesporte\/wp-content\/uploads\/sites\/29\/2021\/08\/MATHEUS-PONTES-171x300.jpeg 171w, https:\/\/fdr.org.br\/inclusaoatravesdoesporte\/wp-content\/uploads\/sites\/29\/2021\/08\/MATHEUS-PONTES.jpeg 465w\" sizes=\"(max-width: 171px) 100vw, 171px\" \/><\/p><p><b>Matheus Pontes Lopes\u00a0<\/b><\/p><p><span style=\"font-weight: 400\">Graduado em Educa\u00e7\u00e3o F\u00edsica pela Universidade Estadual do Cear\u00e1 (UECE). Docente da Educa\u00e7\u00e3o B\u00e1sica. Integrante do N\u00facleo de Investiga\u00e7\u00e3o em Atividade F\u00edsica na Escola (NIAFE).<\/span><\/p><p><img loading=\"lazy\" decoding=\"async\" class=\"alignnone wp-image-301 size-medium\" src=\"http:\/\/fdr.org.br\/inclusaoatravesdoesporte\/wp-content\/uploads\/sites\/29\/2021\/08\/REGINA-230x300.jpeg\" alt=\"Foto da palestrante: uma mulher branca e ruiva, de camisa social estampada\" width=\"230\" height=\"300\" srcset=\"https:\/\/fdr.org.br\/inclusaoatravesdoesporte\/wp-content\/uploads\/sites\/29\/2021\/08\/REGINA-230x300.jpeg 230w, https:\/\/fdr.org.br\/inclusaoatravesdoesporte\/wp-content\/uploads\/sites\/29\/2021\/08\/REGINA.jpeg 599w\" sizes=\"(max-width: 230px) 100vw, 230px\" \/><\/p><p><b>Regina Helena Tahim Souza Neiva<\/b><\/p><p><span style=\"font-weight: 400\">Servidora p\u00fablica estadual da Secretaria de Prote\u00e7\u00e3o Social, Justi\u00e7a, Cidadania, Mulheres e Direitos Humanos do Estado do Cear\u00e1 (SPS). Mestra em Ci\u00eancias Jur\u00eddicas pela Universidade Americana. Graduada em Administra\u00e7\u00e3o pela Unifor. Atualmente, dirige o Centro de Profissionaliza\u00e7\u00e3o Inclusiva para Pessoas com Defici\u00eancia (CEPID).<\/span><\/p><p><img loading=\"lazy\" decoding=\"async\" class=\"alignnone wp-image-302 size-medium\" src=\"http:\/\/fdr.org.br\/inclusaoatravesdoesporte\/wp-content\/uploads\/sites\/29\/2021\/08\/RICARDO-CATUNDA-300x197.jpeg\" alt=\"Foto do palestrante: um homem careca, de \u00f3culos e cavanhaque falando em um microfone\" width=\"300\" height=\"197\" srcset=\"https:\/\/fdr.org.br\/inclusaoatravesdoesporte\/wp-content\/uploads\/sites\/29\/2021\/08\/RICARDO-CATUNDA-300x197.jpeg 300w, https:\/\/fdr.org.br\/inclusaoatravesdoesporte\/wp-content\/uploads\/sites\/29\/2021\/08\/RICARDO-CATUNDA-1024x672.jpeg 1024w, https:\/\/fdr.org.br\/inclusaoatravesdoesporte\/wp-content\/uploads\/sites\/29\/2021\/08\/RICARDO-CATUNDA-768x504.jpeg 768w, https:\/\/fdr.org.br\/inclusaoatravesdoesporte\/wp-content\/uploads\/sites\/29\/2021\/08\/RICARDO-CATUNDA.jpeg 1280w\" sizes=\"(max-width: 300px) 100vw, 300px\" \/><\/p><p><b>Ricardo Catunda<\/b><\/p><p><span style=\"font-weight: 400\">Doutor em Ci\u00eancias da Educa\u00e7\u00e3o na Universidade de Lisboa. P\u00f3s-doutorado em Educa\u00e7\u00e3o para a Sa\u00fade pelo Centro de Estudos de Educa\u00e7\u00e3o e Promo\u00e7\u00e3o da Sa\u00fade da mesma institui\u00e7\u00e3o. Mestre em Educa\u00e7\u00e3o e Sa\u00fade pela Universidade de Fortaleza (Unifor); licenciado em Educa\u00e7\u00e3o F\u00edsica; professor adjunto da Universidade Estadual do Cear\u00e1 (UECE); l\u00edder do N\u00facleo de Investiga\u00e7\u00e3o em Atividade F\u00edsica na Escola (NIAFE); conselheiro membro fundador e presidente da Comiss\u00e3o de Educa\u00e7\u00e3o F\u00edsica Escolar do Conselho Federal de Educa\u00e7\u00e3o F\u00edsica (CONFEF).<\/span><\/p><p><img loading=\"lazy\" decoding=\"async\" class=\"alignnone wp-image-303 size-medium\" src=\"http:\/\/fdr.org.br\/inclusaoatravesdoesporte\/wp-content\/uploads\/sites\/29\/2021\/08\/RUTH-LIMA-245x300.jpeg\" alt=\"Foto da palestrante: uma mulher sorrindo para a c\u00e2mera. Ela tem cabelos pretos ondulados e usa uma blusa estampada\" width=\"245\" height=\"300\" srcset=\"https:\/\/fdr.org.br\/inclusaoatravesdoesporte\/wp-content\/uploads\/sites\/29\/2021\/08\/RUTH-LIMA-245x300.jpeg 245w, https:\/\/fdr.org.br\/inclusaoatravesdoesporte\/wp-content\/uploads\/sites\/29\/2021\/08\/RUTH-LIMA-836x1024.jpeg 836w, https:\/\/fdr.org.br\/inclusaoatravesdoesporte\/wp-content\/uploads\/sites\/29\/2021\/08\/RUTH-LIMA-768x941.jpeg 768w, https:\/\/fdr.org.br\/inclusaoatravesdoesporte\/wp-content\/uploads\/sites\/29\/2021\/08\/RUTH-LIMA.jpeg 1045w\" sizes=\"(max-width: 245px) 100vw, 245px\" \/><\/p><p><b>Ruth da Silva Lima<\/b><\/p><p><span style=\"font-weight: 400\">Profissional de Educa\u00e7\u00e3o F\u00edsica formada pela Universidade Estadual do Cear\u00e1 (UECE). Especialista em Educa\u00e7\u00e3o F\u00edsica para Grupos Especiais pela Faculdade do Nordeste. Especialista em Educa\u00e7\u00e3o Inclusiva e Pr\u00e1ticas Pedag\u00f3gicas em AEE pela Faculdade do Maci\u00e7o de Baturit\u00e9. Professora efetiva do Estado do Cear\u00e1 e da Prefeitura de Fortaleza. T\u00e9cnica de Bocha Paral\u00edmpica da ADESUL. T\u00e9cnica em Orienta\u00e7\u00e3o e Mobilidade.<\/span><\/p><p><img loading=\"lazy\" decoding=\"async\" class=\"alignnone wp-image-304 size-medium\" src=\"http:\/\/fdr.org.br\/inclusaoatravesdoesporte\/wp-content\/uploads\/sites\/29\/2021\/08\/WELLINGTON-GOMES-225x300.jpeg\" alt=\"Foto do palestrante: um homem branco, de cabelo curto e preto, usando camisa social e blazer escuros\" width=\"225\" height=\"300\" srcset=\"https:\/\/fdr.org.br\/inclusaoatravesdoesporte\/wp-content\/uploads\/sites\/29\/2021\/08\/WELLINGTON-GOMES-225x300.jpeg 225w, https:\/\/fdr.org.br\/inclusaoatravesdoesporte\/wp-content\/uploads\/sites\/29\/2021\/08\/WELLINGTON-GOMES-768x1024.jpeg 768w, https:\/\/fdr.org.br\/inclusaoatravesdoesporte\/wp-content\/uploads\/sites\/29\/2021\/08\/WELLINGTON-GOMES.jpeg 960w\" sizes=\"(max-width: 225px) 100vw, 225px\" \/><\/p><p><b>Wellington Gomes Feitosa<\/b><\/p><p><span style=\"font-weight: 400\">Doutor em Ci\u00eancias do Movimento Humano pela Universidade Federal do Rio Grande do Sul (UFRGS), com tese sobre Desempenho biomec\u00e2nico e fisiol\u00f3gico de nadadores paral\u00edmpicos. Mestre em Ci\u00eancias do Desporto na Universidade de Tr\u00e1s-os-Montes e Alto Douro com Revalida\u00e7\u00e3o pela Universidade Federal da Para\u00edba (UFPB); especialista em Fisiologia e biomec\u00e2nica dos movimentos, Ensino de Educa\u00e7\u00e3o F\u00edsica e em Personal Training. Licenciado pleno em Educa\u00e7\u00e3o F\u00edsica pela Universidade Federal do Cear\u00e1 (UFC). Experi\u00eancia na \u00e1rea de educa\u00e7\u00e3o formal (escolas) e n\u00e3o formal (academias, clubes, etc.). Trabalha na Universidade Estadual do Cear\u00e1 (UECE), na qual ministra disciplinas como Nata\u00e7\u00e3o, Muscula\u00e7\u00e3o, Biomec\u00e2nica e Voleibol.<\/span><\/p><p><img loading=\"lazy\" decoding=\"async\" class=\"alignnone wp-image-305 size-medium\" src=\"http:\/\/fdr.org.br\/inclusaoatravesdoesporte\/wp-content\/uploads\/sites\/29\/2021\/08\/WELTON-DANIEL-169x300.jpeg\" alt=\"Foto do palestrante: um homem branco, de camisa social escura e blazer caramelo, segurando um microfone e sorrindo para a c\u00e2mera\" width=\"169\" height=\"300\" srcset=\"https:\/\/fdr.org.br\/inclusaoatravesdoesporte\/wp-content\/uploads\/sites\/29\/2021\/08\/WELTON-DANIEL-169x300.jpeg 169w, https:\/\/fdr.org.br\/inclusaoatravesdoesporte\/wp-content\/uploads\/sites\/29\/2021\/08\/WELTON-DANIEL-576x1024.jpeg 576w, https:\/\/fdr.org.br\/inclusaoatravesdoesporte\/wp-content\/uploads\/sites\/29\/2021\/08\/WELTON-DANIEL.jpeg 720w\" sizes=\"(max-width: 169px) 100vw, 169px\" \/><\/p><p><b>Welton Daniel Nogueira Godinho\u00a0<\/b><\/p><p><span style=\"font-weight: 400\">Doutorando em Ci\u00eancias Fisiol\u00f3gicas e mestre em Ci\u00eancias Fisiol\u00f3gicas (ISCB\/UECE). Especialista em Treinamento de For\u00e7a (Uece) e em Fisiologia e Biomec\u00e2nica do Exerc\u00edcio (FIC). Graduado em Educa\u00e7\u00e3o F\u00edsica pela Universidade Estadual do Cear\u00e1 (UECE). Atualmente, \u00e9 membro efetivo da Sociedade Brasileira de Fisiologia (SBFis), filiado ao American College of Sport Medicine (ACSM), professor celetista da Faculdade do Vale do Jaguaribe e auxiliar do Centro Universit\u00e1rio Unifanor. Tamb\u00e9m \u00e9 membro da Comiss\u00e3o de Sa\u00fade do Cref5. Possui linha de pesquisa em doen\u00e7as neurodegenerativas e fisiologia do exerc\u00edcio e treinamento de for\u00e7a, e \u00e9 autor de um livro e de artigos relacionados aos referidos temas.<\/span><\/p><\/div>\n\t\t\t\t\t\t\t<\/div>\n\t\t<\/div>\n\t\t\t\t<\/div>\n\t\t\t\t<\/div>\n\t\t\t\t<div class=\"elementor-element elementor-element-72d5af9 elementor-widget-divider--view-line exad-sticky-section-no exad-glass-effect-no elementor-widget elementor-widget-divider\" data-id=\"72d5af9\" data-element_type=\"widget\" data-widget_type=\"divider.default\">\n\t\t\t\t<div class=\"elementor-widget-container\">\n\t\t\t\t\t<div class=\"elementor-divider\">\n\t\t\t<span class=\"elementor-divider-separator\">\n\t\t\t\t\t\t<\/span>\n\t\t<\/div>\n\t\t\t\t<\/div>\n\t\t\t\t<\/div>\n\t\t\t\t\t<\/div>\n\t\t<\/div>\n\t\t\t\t\t<\/div>\n\t\t<\/section>\n\t\t\t\t<section class=\"elementor-section elementor-top-section elementor-element elementor-element-216457f elementor-section-boxed elementor-section-height-default elementor-section-height-default exad-glass-effect-no exad-sticky-section-no\" data-id=\"216457f\" data-element_type=\"section\" id=\"webinar\" data-settings=\"{&quot;background_background&quot;:&quot;slideshow&quot;,&quot;background_slideshow_gallery&quot;:[{&quot;id&quot;:&quot;46&quot;,&quot;url&quot;:&quot;http:\\\/\\\/fdr.org.br\\\/inclusaoatravesdoesporte\\\/wp-content\\\/uploads\\\/sites\\\/29\\\/2021\\\/07\\\/background-curso.png&quot;}],&quot;background_slideshow_loop&quot;:&quot;yes&quot;,&quot;background_slideshow_slide_duration&quot;:5000,&quot;background_slideshow_slide_transition&quot;:&quot;fade&quot;,&quot;background_slideshow_transition_duration&quot;:500}\">\n\t\t\t\t\t\t<div class=\"elementor-container elementor-column-gap-custom\">\n\t\t\t\t\t<div class=\"elementor-column elementor-col-100 elementor-top-column elementor-element elementor-element-8bd7f11 exad-glass-effect-no exad-sticky-section-no\" data-id=\"8bd7f11\" data-element_type=\"column\" data-settings=\"{&quot;background_background&quot;:&quot;gradient&quot;}\">\n\t\t\t<div class=\"elementor-widget-wrap elementor-element-populated\">\n\t\t\t\t\t\t<div class=\"elementor-element elementor-element-2316153 elementor-widget-divider--view-line exad-sticky-section-no exad-glass-effect-no elementor-widget elementor-widget-divider\" data-id=\"2316153\" data-element_type=\"widget\" data-widget_type=\"divider.default\">\n\t\t\t\t<div class=\"elementor-widget-container\">\n\t\t\t\t\t<div class=\"elementor-divider\">\n\t\t\t<span class=\"elementor-divider-separator\">\n\t\t\t\t\t\t<\/span>\n\t\t<\/div>\n\t\t\t\t<\/div>\n\t\t\t\t<\/div>\n\t\t\t\t<div class=\"elementor-element elementor-element-3cefc9c exad-sticky-section-no exad-glass-effect-no elementor-widget elementor-widget-heading\" data-id=\"3cefc9c\" data-element_type=\"widget\" id=\"webinar\" data-widget_type=\"heading.default\">\n\t\t\t\t<div class=\"elementor-widget-container\">\n\t\t\t<h1 class=\"elementor-heading-title elementor-size-default\">Webinar<\/h1>\t\t<\/div>\n\t\t\t\t<\/div>\n\t\t\t\t<div class=\"elementor-element elementor-element-609edb6 elementor-widget-divider--view-line exad-sticky-section-no exad-glass-effect-no elementor-widget elementor-widget-divider\" data-id=\"609edb6\" data-element_type=\"widget\" data-widget_type=\"divider.default\">\n\t\t\t\t<div class=\"elementor-widget-container\">\n\t\t\t\t\t<div class=\"elementor-divider\">\n\t\t\t<span class=\"elementor-divider-separator\">\n\t\t\t\t\t\t<\/span>\n\t\t<\/div>\n\t\t\t\t<\/div>\n\t\t\t\t<\/div>\n\t\t\t\t<div class=\"elementor-element elementor-element-c76d9e5 elementor-widget-divider--view-line exad-sticky-section-no exad-glass-effect-no elementor-widget elementor-widget-divider\" data-id=\"c76d9e5\" data-element_type=\"widget\" data-widget_type=\"divider.default\">\n\t\t\t\t<div class=\"elementor-widget-container\">\n\t\t\t\t\t<div class=\"elementor-divider\">\n\t\t\t<span class=\"elementor-divider-separator\">\n\t\t\t\t\t\t<\/span>\n\t\t<\/div>\n\t\t\t\t<\/div>\n\t\t\t\t<\/div>\n\t\t\t\t<div class=\"elementor-element elementor-element-ae5caed elementor-widget-divider--view-line exad-sticky-section-no exad-glass-effect-no elementor-widget elementor-widget-divider\" data-id=\"ae5caed\" data-element_type=\"widget\" data-widget_type=\"divider.default\">\n\t\t\t\t<div class=\"elementor-widget-container\">\n\t\t\t\t\t<div class=\"elementor-divider\">\n\t\t\t<span class=\"elementor-divider-separator\">\n\t\t\t\t\t\t<\/span>\n\t\t<\/div>\n\t\t\t\t<\/div>\n\t\t\t\t<\/div>\n\t\t\t\t\t<\/div>\n\t\t<\/div>\n\t\t\t\t\t<\/div>\n\t\t<\/section>\n\t\t\t\t<section class=\"elementor-section elementor-top-section elementor-element elementor-element-500c660 elementor-section-boxed elementor-section-height-default elementor-section-height-default exad-glass-effect-no exad-sticky-section-no\" data-id=\"500c660\" data-element_type=\"section\">\n\t\t\t\t\t\t<div class=\"elementor-container elementor-column-gap-default\">\n\t\t\t\t\t<div class=\"elementor-column elementor-col-100 elementor-top-column elementor-element elementor-element-195c7fc exad-glass-effect-no exad-sticky-section-no\" data-id=\"195c7fc\" data-element_type=\"column\">\n\t\t\t<div class=\"elementor-widget-wrap elementor-element-populated\">\n\t\t\t\t\t\t<div class=\"elementor-element elementor-element-1a9d688 elementor-widget-divider--view-line exad-sticky-section-no exad-glass-effect-no elementor-widget elementor-widget-divider\" data-id=\"1a9d688\" data-element_type=\"widget\" data-widget_type=\"divider.default\">\n\t\t\t\t<div class=\"elementor-widget-container\">\n\t\t\t\t\t<div class=\"elementor-divider\">\n\t\t\t<span class=\"elementor-divider-separator\">\n\t\t\t\t\t\t<\/span>\n\t\t<\/div>\n\t\t\t\t<\/div>\n\t\t\t\t<\/div>\n\t\t\t\t<div class=\"elementor-element elementor-element-3a1a14e exad-sticky-section-no exad-glass-effect-no elementor-widget elementor-widget-heading\" data-id=\"3a1a14e\" data-element_type=\"widget\" data-widget_type=\"heading.default\">\n\t\t\t\t<div class=\"elementor-widget-container\">\n\t\t\t<h1 class=\"elementor-heading-title elementor-size-default\">Patroc\u00ednio<\/h1>\t\t<\/div>\n\t\t\t\t<\/div>\n\t\t\t\t\t<\/div>\n\t\t<\/div>\n\t\t\t\t\t<\/div>\n\t\t<\/section>\n\t\t\t\t<section class=\"elementor-section elementor-top-section elementor-element elementor-element-97aceca elementor-section-boxed elementor-section-height-default elementor-section-height-default exad-glass-effect-no exad-sticky-section-no\" data-id=\"97aceca\" data-element_type=\"section\">\n\t\t\t\t\t\t<div class=\"elementor-container elementor-column-gap-default\">\n\t\t\t\t\t<div class=\"elementor-column elementor-col-100 elementor-top-column elementor-element elementor-element-7569a35 exad-glass-effect-no exad-sticky-section-no\" data-id=\"7569a35\" data-element_type=\"column\">\n\t\t\t<div class=\"elementor-widget-wrap elementor-element-populated\">\n\t\t\t\t\t\t<div class=\"elementor-element elementor-element-e3aca00 exad-sticky-section-no exad-glass-effect-no elementor-widget elementor-widget-image\" data-id=\"e3aca00\" data-element_type=\"widget\" data-widget_type=\"image.default\">\n\t\t\t\t<div class=\"elementor-widget-container\">\n\t\t\t\t\t\t\t\t\t\t\t\t\t<img loading=\"lazy\" decoding=\"async\" width=\"277\" height=\"100\" src=\"https:\/\/fdr.org.br\/inclusaoatravesdoesporte\/wp-content\/uploads\/sites\/29\/2021\/08\/3-Enel_Logo_Primary_RGB.png\" class=\"attachment-large size-large wp-image-333\" alt=\"\" \/>\t\t\t\t\t\t\t\t\t\t\t\t\t<\/div>\n\t\t\t\t<\/div>\n\t\t\t\t\t<\/div>\n\t\t<\/div>\n\t\t\t\t\t<\/div>\n\t\t<\/section>\n\t\t\t\t<section class=\"elementor-section elementor-top-section elementor-element elementor-element-6ac64f1 elementor-section-boxed elementor-section-height-default elementor-section-height-default exad-glass-effect-no exad-sticky-section-no\" data-id=\"6ac64f1\" data-element_type=\"section\">\n\t\t\t\t\t\t<div class=\"elementor-container elementor-column-gap-default\">\n\t\t\t\t\t<div class=\"elementor-column elementor-col-100 elementor-top-column elementor-element elementor-element-e7136bc exad-glass-effect-no exad-sticky-section-no\" data-id=\"e7136bc\" data-element_type=\"column\">\n\t\t\t<div class=\"elementor-widget-wrap elementor-element-populated\">\n\t\t\t\t\t\t<div class=\"elementor-element elementor-element-799dbbe elementor-widget-divider--view-line exad-sticky-section-no exad-glass-effect-no elementor-widget elementor-widget-divider\" data-id=\"799dbbe\" data-element_type=\"widget\" data-widget_type=\"divider.default\">\n\t\t\t\t<div class=\"elementor-widget-container\">\n\t\t\t\t\t<div class=\"elementor-divider\">\n\t\t\t<span class=\"elementor-divider-separator\">\n\t\t\t\t\t\t<\/span>\n\t\t<\/div>\n\t\t\t\t<\/div>\n\t\t\t\t<\/div>\n\t\t\t\t\t<\/div>\n\t\t<\/div>\n\t\t\t\t\t<\/div>\n\t\t<\/section>\n\t\t\t\t<section class=\"elementor-section elementor-top-section elementor-element elementor-element-8554c6c elementor-section-boxed elementor-section-height-default elementor-section-height-default exad-glass-effect-no exad-sticky-section-no\" data-id=\"8554c6c\" data-element_type=\"section\">\n\t\t\t\t\t\t<div class=\"elementor-container elementor-column-gap-default\">\n\t\t\t\t\t<div class=\"elementor-column elementor-col-100 elementor-top-column elementor-element elementor-element-d94797b exad-glass-effect-no exad-sticky-section-no\" data-id=\"d94797b\" data-element_type=\"column\">\n\t\t\t<div class=\"elementor-widget-wrap elementor-element-populated\">\n\t\t\t\t\t\t<div class=\"elementor-element elementor-element-0a0c68a exad-sticky-section-no exad-glass-effect-no elementor-widget elementor-widget-heading\" data-id=\"0a0c68a\" data-element_type=\"widget\" data-widget_type=\"heading.default\">\n\t\t\t\t<div class=\"elementor-widget-container\">\n\t\t\t<h1 class=\"elementor-heading-title elementor-size-default\">Apoio<\/h1>\t\t<\/div>\n\t\t\t\t<\/div>\n\t\t\t\t\t<\/div>\n\t\t<\/div>\n\t\t\t\t\t<\/div>\n\t\t<\/section>\n\t\t\t\t<section class=\"elementor-section elementor-top-section elementor-element elementor-element-6d5e519 elementor-section-boxed elementor-section-height-default elementor-section-height-default exad-glass-effect-no exad-sticky-section-no\" data-id=\"6d5e519\" data-element_type=\"section\">\n\t\t\t\t\t\t<div class=\"elementor-container elementor-column-gap-default\">\n\t\t\t\t\t<div class=\"elementor-column elementor-col-25 elementor-top-column elementor-element elementor-element-bb22d45 exad-glass-effect-no exad-sticky-section-no\" data-id=\"bb22d45\" data-element_type=\"column\">\n\t\t\t<div class=\"elementor-widget-wrap elementor-element-populated\">\n\t\t\t\t\t\t<div class=\"elementor-element elementor-element-545f3c0 exad-sticky-section-no exad-glass-effect-no elementor-widget elementor-widget-image\" data-id=\"545f3c0\" data-element_type=\"widget\" data-widget_type=\"image.default\">\n\t\t\t\t<div class=\"elementor-widget-container\">\n\t\t\t\t\t\t\t\t\t\t\t\t\t<img loading=\"lazy\" decoding=\"async\" width=\"274\" height=\"100\" src=\"https:\/\/fdr.org.br\/inclusaoatravesdoesporte\/wp-content\/uploads\/sites\/29\/2021\/08\/Governo-do-Estado-do-Ceara-Secretaria-do-Esporte-e-Juventude.png\" class=\"attachment-large size-large wp-image-335\" alt=\"\" \/>\t\t\t\t\t\t\t\t\t\t\t\t\t<\/div>\n\t\t\t\t<\/div>\n\t\t\t\t\t<\/div>\n\t\t<\/div>\n\t\t\t\t<div class=\"elementor-column elementor-col-25 elementor-top-column elementor-element elementor-element-aa7bcef exad-glass-effect-no exad-sticky-section-no\" data-id=\"aa7bcef\" data-element_type=\"column\">\n\t\t\t<div class=\"elementor-widget-wrap elementor-element-populated\">\n\t\t\t\t\t\t<div class=\"elementor-element elementor-element-84d555a exad-sticky-section-no exad-glass-effect-no elementor-widget elementor-widget-image\" data-id=\"84d555a\" data-element_type=\"widget\" data-widget_type=\"image.default\">\n\t\t\t\t<div class=\"elementor-widget-container\">\n\t\t\t\t\t\t\t\t\t\t\t\t\t<img loading=\"lazy\" decoding=\"async\" width=\"326\" height=\"100\" src=\"https:\/\/fdr.org.br\/inclusaoatravesdoesporte\/wp-content\/uploads\/sites\/29\/2021\/08\/Lei-de-Incentivo-ao-Esporte-do-Ceara.png\" class=\"attachment-large size-large wp-image-336\" alt=\"\" srcset=\"https:\/\/fdr.org.br\/inclusaoatravesdoesporte\/wp-content\/uploads\/sites\/29\/2021\/08\/Lei-de-Incentivo-ao-Esporte-do-Ceara.png 326w, https:\/\/fdr.org.br\/inclusaoatravesdoesporte\/wp-content\/uploads\/sites\/29\/2021\/08\/Lei-de-Incentivo-ao-Esporte-do-Ceara-300x92.png 300w\" sizes=\"(max-width: 326px) 100vw, 326px\" \/>\t\t\t\t\t\t\t\t\t\t\t\t\t<\/div>\n\t\t\t\t<\/div>\n\t\t\t\t\t<\/div>\n\t\t<\/div>\n\t\t\t\t<div class=\"elementor-column elementor-col-25 elementor-top-column elementor-element elementor-element-571c988 exad-glass-effect-no exad-sticky-section-no\" data-id=\"571c988\" data-element_type=\"column\">\n\t\t\t<div class=\"elementor-widget-wrap elementor-element-populated\">\n\t\t\t\t\t\t<div class=\"elementor-element elementor-element-579c970 exad-sticky-section-no exad-glass-effect-no elementor-widget elementor-widget-image\" data-id=\"579c970\" data-element_type=\"widget\" data-widget_type=\"image.default\">\n\t\t\t\t<div class=\"elementor-widget-container\">\n\t\t\t\t\t\t\t\t\t\t\t\t\t<img loading=\"lazy\" decoding=\"async\" width=\"335\" height=\"100\" src=\"https:\/\/fdr.org.br\/inclusaoatravesdoesporte\/wp-content\/uploads\/sites\/29\/2021\/08\/UECE-UNIVERSIDADE-ESTADUAL-DO-CEARA-CMYK.png\" class=\"attachment-large size-large wp-image-337\" alt=\"\" srcset=\"https:\/\/fdr.org.br\/inclusaoatravesdoesporte\/wp-content\/uploads\/sites\/29\/2021\/08\/UECE-UNIVERSIDADE-ESTADUAL-DO-CEARA-CMYK.png 335w, https:\/\/fdr.org.br\/inclusaoatravesdoesporte\/wp-content\/uploads\/sites\/29\/2021\/08\/UECE-UNIVERSIDADE-ESTADUAL-DO-CEARA-CMYK-300x90.png 300w\" sizes=\"(max-width: 335px) 100vw, 335px\" \/>\t\t\t\t\t\t\t\t\t\t\t\t\t<\/div>\n\t\t\t\t<\/div>\n\t\t\t\t\t<\/div>\n\t\t<\/div>\n\t\t\t\t<div class=\"elementor-column elementor-col-25 elementor-top-column elementor-element elementor-element-04bc25f exad-glass-effect-no exad-sticky-section-no\" data-id=\"04bc25f\" data-element_type=\"column\">\n\t\t\t<div class=\"elementor-widget-wrap elementor-element-populated\">\n\t\t\t\t\t\t<div class=\"elementor-element elementor-element-b8eb4ed exad-sticky-section-no exad-glass-effect-no elementor-widget elementor-widget-image\" data-id=\"b8eb4ed\" data-element_type=\"widget\" data-widget_type=\"image.default\">\n\t\t\t\t<div class=\"elementor-widget-container\">\n\t\t\t\t\t\t\t\t\t\t\t\t\t<img loading=\"lazy\" decoding=\"async\" width=\"345\" height=\"100\" src=\"https:\/\/fdr.org.br\/inclusaoatravesdoesporte\/wp-content\/uploads\/sites\/29\/2021\/08\/logo-confef.png\" class=\"attachment-large size-large wp-image-338\" alt=\"\" srcset=\"https:\/\/fdr.org.br\/inclusaoatravesdoesporte\/wp-content\/uploads\/sites\/29\/2021\/08\/logo-confef.png 345w, https:\/\/fdr.org.br\/inclusaoatravesdoesporte\/wp-content\/uploads\/sites\/29\/2021\/08\/logo-confef-300x87.png 300w\" sizes=\"(max-width: 345px) 100vw, 345px\" \/>\t\t\t\t\t\t\t\t\t\t\t\t\t<\/div>\n\t\t\t\t<\/div>\n\t\t\t\t\t<\/div>\n\t\t<\/div>\n\t\t\t\t\t<\/div>\n\t\t<\/section>\n\t\t\t\t<section class=\"elementor-section elementor-top-section elementor-element elementor-element-8abc282 elementor-section-boxed elementor-section-height-default elementor-section-height-default exad-glass-effect-no exad-sticky-section-no\" data-id=\"8abc282\" data-element_type=\"section\">\n\t\t\t\t\t\t<div class=\"elementor-container elementor-column-gap-default\">\n\t\t\t\t\t<div class=\"elementor-column elementor-col-100 elementor-top-column elementor-element elementor-element-448d9d6 exad-glass-effect-no exad-sticky-section-no\" data-id=\"448d9d6\" data-element_type=\"column\">\n\t\t\t<div class=\"elementor-widget-wrap elementor-element-populated\">\n\t\t\t\t\t\t<div class=\"elementor-element elementor-element-c0bbb21 elementor-widget-divider--view-line exad-sticky-section-no exad-glass-effect-no elementor-widget elementor-widget-divider\" data-id=\"c0bbb21\" data-element_type=\"widget\" data-widget_type=\"divider.default\">\n\t\t\t\t<div class=\"elementor-widget-container\">\n\t\t\t\t\t<div class=\"elementor-divider\">\n\t\t\t<span class=\"elementor-divider-separator\">\n\t\t\t\t\t\t<\/span>\n\t\t<\/div>\n\t\t\t\t<\/div>\n\t\t\t\t<\/div>\n\t\t\t\t\t<\/div>\n\t\t<\/div>\n\t\t\t\t\t<\/div>\n\t\t<\/section>\n\t\t\t\t<section class=\"elementor-section elementor-top-section elementor-element elementor-element-4573d5e elementor-section-boxed elementor-section-height-default elementor-section-height-default exad-glass-effect-no exad-sticky-section-no\" data-id=\"4573d5e\" data-element_type=\"section\">\n\t\t\t\t\t\t<div class=\"elementor-container elementor-column-gap-default\">\n\t\t\t\t\t<div class=\"elementor-column elementor-col-100 elementor-top-column elementor-element elementor-element-cbc8da9 exad-glass-effect-no exad-sticky-section-no\" data-id=\"cbc8da9\" data-element_type=\"column\">\n\t\t\t<div class=\"elementor-widget-wrap elementor-element-populated\">\n\t\t\t\t\t\t<div class=\"elementor-element elementor-element-2cedc34 exad-sticky-section-no exad-glass-effect-no elementor-widget elementor-widget-heading\" data-id=\"2cedc34\" data-element_type=\"widget\" data-widget_type=\"heading.default\">\n\t\t\t\t<div class=\"elementor-widget-container\">\n\t\t\t<h1 class=\"elementor-heading-title elementor-size-default\">Realiza\u00e7\u00e3o<\/h1>\t\t<\/div>\n\t\t\t\t<\/div>\n\t\t\t\t\t<\/div>\n\t\t<\/div>\n\t\t\t\t\t<\/div>\n\t\t<\/section>\n\t\t\t\t<section class=\"elementor-section elementor-top-section elementor-element elementor-element-f821c2d elementor-section-boxed elementor-section-height-default elementor-section-height-default exad-glass-effect-no exad-sticky-section-no\" data-id=\"f821c2d\" data-element_type=\"section\">\n\t\t\t\t\t\t<div class=\"elementor-container elementor-column-gap-default\">\n\t\t\t\t\t<div class=\"elementor-column elementor-col-50 elementor-top-column elementor-element elementor-element-b942bfd exad-glass-effect-no exad-sticky-section-no\" data-id=\"b942bfd\" data-element_type=\"column\">\n\t\t\t<div class=\"elementor-widget-wrap elementor-element-populated\">\n\t\t\t\t\t\t<div class=\"elementor-element elementor-element-9d2340b exad-sticky-section-no exad-glass-effect-no elementor-widget elementor-widget-image\" data-id=\"9d2340b\" data-element_type=\"widget\" data-widget_type=\"image.default\">\n\t\t\t\t<div class=\"elementor-widget-container\">\n\t\t\t\t\t\t\t\t\t\t\t\t\t<img loading=\"lazy\" decoding=\"async\" width=\"1024\" height=\"346\" src=\"https:\/\/fdr.org.br\/inclusaoatravesdoesporte\/wp-content\/uploads\/sites\/29\/2023\/04\/UANE-HORIZONTAL-1024x346.png\" class=\"attachment-large size-large wp-image-506\" alt=\"\" srcset=\"https:\/\/fdr.org.br\/inclusaoatravesdoesporte\/wp-content\/uploads\/sites\/29\/2023\/04\/UANE-HORIZONTAL-1024x346.png 1024w, https:\/\/fdr.org.br\/inclusaoatravesdoesporte\/wp-content\/uploads\/sites\/29\/2023\/04\/UANE-HORIZONTAL-300x101.png 300w, https:\/\/fdr.org.br\/inclusaoatravesdoesporte\/wp-content\/uploads\/sites\/29\/2023\/04\/UANE-HORIZONTAL-768x260.png 768w, https:\/\/fdr.org.br\/inclusaoatravesdoesporte\/wp-content\/uploads\/sites\/29\/2023\/04\/UANE-HORIZONTAL-1536x519.png 1536w, https:\/\/fdr.org.br\/inclusaoatravesdoesporte\/wp-content\/uploads\/sites\/29\/2023\/04\/UANE-HORIZONTAL-2048x692.png 2048w\" sizes=\"(max-width: 1024px) 100vw, 1024px\" \/>\t\t\t\t\t\t\t\t\t\t\t\t\t<\/div>\n\t\t\t\t<\/div>\n\t\t\t\t\t<\/div>\n\t\t<\/div>\n\t\t\t\t<div class=\"elementor-column elementor-col-50 elementor-top-column elementor-element elementor-element-7d30867 exad-glass-effect-no exad-sticky-section-no\" data-id=\"7d30867\" data-element_type=\"column\">\n\t\t\t<div class=\"elementor-widget-wrap elementor-element-populated\">\n\t\t\t\t\t\t<div class=\"elementor-element elementor-element-6161270 exad-sticky-section-no exad-glass-effect-no elementor-widget elementor-widget-image\" data-id=\"6161270\" data-element_type=\"widget\" id=\"logo-fdr\" data-widget_type=\"image.default\">\n\t\t\t\t<div class=\"elementor-widget-container\">\n\t\t\t\t\t\t\t\t\t\t\t\t\t<img loading=\"lazy\" decoding=\"async\" width=\"1024\" height=\"425\" src=\"https:\/\/fdr.org.br\/inclusaoatravesdoesporte\/wp-content\/uploads\/sites\/29\/2023\/04\/FDR-HORIZONTAL--1024x425.png\" class=\"attachment-large size-large wp-image-505\" alt=\"\" srcset=\"https:\/\/fdr.org.br\/inclusaoatravesdoesporte\/wp-content\/uploads\/sites\/29\/2023\/04\/FDR-HORIZONTAL--1024x425.png 1024w, https:\/\/fdr.org.br\/inclusaoatravesdoesporte\/wp-content\/uploads\/sites\/29\/2023\/04\/FDR-HORIZONTAL--300x125.png 300w, https:\/\/fdr.org.br\/inclusaoatravesdoesporte\/wp-content\/uploads\/sites\/29\/2023\/04\/FDR-HORIZONTAL--768x319.png 768w, https:\/\/fdr.org.br\/inclusaoatravesdoesporte\/wp-content\/uploads\/sites\/29\/2023\/04\/FDR-HORIZONTAL--1536x637.png 1536w, https:\/\/fdr.org.br\/inclusaoatravesdoesporte\/wp-content\/uploads\/sites\/29\/2023\/04\/FDR-HORIZONTAL-.png 2012w\" sizes=\"(max-width: 1024px) 100vw, 1024px\" \/>\t\t\t\t\t\t\t\t\t\t\t\t\t<\/div>\n\t\t\t\t<\/div>\n\t\t\t\t\t<\/div>\n\t\t<\/div>\n\t\t\t\t\t<\/div>\n\t\t<\/section>\n\t\t\t\t<section class=\"elementor-section elementor-top-section elementor-element elementor-element-56088fb7 elementor-section-boxed elementor-section-height-default elementor-section-height-default exad-glass-effect-no exad-sticky-section-no\" data-id=\"56088fb7\" data-element_type=\"section\" id=\"inscricao\">\n\t\t\t\t\t\t<div class=\"elementor-container elementor-column-gap-default\">\n\t\t\t\t\t<div class=\"elementor-column elementor-col-100 elementor-top-column elementor-element elementor-element-3e0ded1c exad-glass-effect-no exad-sticky-section-no\" data-id=\"3e0ded1c\" data-element_type=\"column\">\n\t\t\t<div class=\"elementor-widget-wrap elementor-element-populated\">\n\t\t\t\t\t\t\t<\/div>\n\t\t<\/div>\n\t\t\t\t\t<\/div>\n\t\t<\/section>\n\t\t\t\t<section class=\"elementor-section elementor-top-section elementor-element elementor-element-77d91b85 elementor-section-boxed elementor-section-height-default elementor-section-height-default exad-glass-effect-no exad-sticky-section-no\" data-id=\"77d91b85\" data-element_type=\"section\">\n\t\t\t\t\t\t<div class=\"elementor-container elementor-column-gap-default\">\n\t\t\t\t\t<div class=\"elementor-column elementor-col-100 elementor-top-column elementor-element elementor-element-297944e3 exad-glass-effect-no exad-sticky-section-no\" data-id=\"297944e3\" data-element_type=\"column\">\n\t\t\t<div class=\"elementor-widget-wrap elementor-element-populated\">\n\t\t\t\t\t\t<div class=\"elementor-element elementor-element-29670532 exad-sticky-section-no exad-glass-effect-no elementor-widget elementor-widget-spacer\" data-id=\"29670532\" data-element_type=\"widget\" data-widget_type=\"spacer.default\">\n\t\t\t\t<div class=\"elementor-widget-container\">\n\t\t\t\t\t<div class=\"elementor-spacer\">\n\t\t\t<div class=\"elementor-spacer-inner\"><\/div>\n\t\t<\/div>\n\t\t\t\t<\/div>\n\t\t\t\t<\/div>\n\t\t\t\t\t<\/div>\n\t\t<\/div>\n\t\t\t\t\t<\/div>\n\t\t<\/section>\n\t\t\t\t<section class=\"elementor-section elementor-top-section elementor-element elementor-element-6db3ea5 footer elementor-section-boxed elementor-section-height-default elementor-section-height-default exad-glass-effect-no exad-sticky-section-no\" data-id=\"6db3ea5\" data-element_type=\"section\" data-settings=\"{&quot;background_background&quot;:&quot;classic&quot;}\">\n\t\t\t\t\t\t\t<div class=\"elementor-background-overlay\"><\/div>\n\t\t\t\t\t\t\t<div class=\"elementor-container elementor-column-gap-default\">\n\t\t\t\t\t<div class=\"elementor-column elementor-col-50 elementor-top-column elementor-element elementor-element-46019ac2 exad-glass-effect-no exad-sticky-section-no\" data-id=\"46019ac2\" data-element_type=\"column\" data-settings=\"{&quot;background_background&quot;:&quot;gradient&quot;}\">\n\t\t\t<div class=\"elementor-widget-wrap elementor-element-populated\">\n\t\t\t\t\t\t<div class=\"elementor-element elementor-element-1cfa1577 logo-rodape exad-sticky-section-no exad-glass-effect-no elementor-widget elementor-widget-image\" data-id=\"1cfa1577\" data-element_type=\"widget\" data-widget_type=\"image.default\">\n\t\t\t\t<div class=\"elementor-widget-container\">\n\t\t\t\t\t\t\t\t\t\t\t\t\t\t<a href=\"https:\/\/fdr.org.br\/inclusaoatravesdoesporte\/\">\n\t\t\t\t\t\t\t<img loading=\"lazy\" decoding=\"async\" width=\"220\" height=\"103\" src=\"https:\/\/fdr.org.br\/inclusaoatravesdoesporte\/wp-content\/uploads\/sites\/29\/2021\/07\/isade-logo.png\" class=\"attachment-medium size-medium wp-image-41\" alt=\"\" \/>\t\t\t\t\t\t\t\t<\/a>\n\t\t\t\t\t\t\t\t\t\t\t\t\t<\/div>\n\t\t\t\t<\/div>\n\t\t\t\t\t<\/div>\n\t\t<\/div>\n\t\t\t\t<div class=\"elementor-column elementor-col-50 elementor-top-column elementor-element elementor-element-7a9df2d2 exad-glass-effect-no exad-sticky-section-no\" data-id=\"7a9df2d2\" data-element_type=\"column\" data-settings=\"{&quot;background_background&quot;:&quot;gradient&quot;}\">\n\t\t\t<div class=\"elementor-widget-wrap elementor-element-populated\">\n\t\t\t\t\t\t<div class=\"elementor-element elementor-element-765b94a8 exad-sticky-section-no exad-glass-effect-no elementor-widget elementor-widget-exad-modal-popup\" data-id=\"765b94a8\" data-element_type=\"widget\" data-widget_type=\"exad-modal-popup.default\">\n\t\t\t\t<div class=\"elementor-widget-container\">\n\t\t\t\t\t\r\n\t\t<div class=\"exad-modal\">\r\n\t\t\t<div class=\"exad-modal-wrapper\">\r\n\r\n\t\t\t\t<div class=\"exad-modal-button exad-modal-btn-fixed-width-no\">\r\n\t\t\t\t\t<a href=\"#\" class=\"exad-modal-image-action image-modal\" data-exad-modal=\"#exad-modal-765b94a8\" data-exad-overlay=\"yes\" >\r\n\t\t\t\t\t\t<span class=\"exad-modal-action-icon-left\">\r\n\t\t\t\t\t\t\t<i aria-hidden=\"true\" class=\"fas fa-users\"><\/i>EXPEDIENTE\t\t\t\t\t\t<\/span>\r\n\t\t\t\t\t<\/a>\r\n\t\t\t\t<\/div>\r\n\t\t\r\n\t\t\t\t<div id=\"exad-modal-765b94a8\" class=\"exad-modal-item modal-vimeo top-to-middle shortcode exad-content-overflow-x-yes exad-content-overflow-y-yes\" >\r\n\t\t\t\t\t<div class=\"exad-modal-content\">\r\n\t\t\t\t\t\t<div class=\"exad-modal-element \">\r\n\t\t\t\t\t\t\t\t\t<div data-elementor-type=\"wp-post\" data-elementor-id=\"316\" class=\"elementor elementor-316\">\n\t\t\t\t\t\t<section class=\"elementor-section elementor-top-section elementor-element elementor-element-31e692c elementor-section-boxed elementor-section-height-default elementor-section-height-default exad-glass-effect-no exad-sticky-section-no\" data-id=\"31e692c\" data-element_type=\"section\">\n\t\t\t\t\t\t<div class=\"elementor-container elementor-column-gap-default\">\n\t\t\t\t\t<div class=\"elementor-column elementor-col-100 elementor-top-column elementor-element elementor-element-c8259da exad-glass-effect-no exad-sticky-section-no\" data-id=\"c8259da\" data-element_type=\"column\">\n\t\t\t<div class=\"elementor-widget-wrap elementor-element-populated\">\n\t\t\t\t\t\t<div class=\"elementor-element elementor-element-1a156bc exad-sticky-section-no exad-glass-effect-no elementor-widget elementor-widget-heading\" data-id=\"1a156bc\" data-element_type=\"widget\" data-widget_type=\"heading.default\">\n\t\t\t\t<div class=\"elementor-widget-container\">\n\t\t\t<h1 class=\"elementor-heading-title elementor-size-default\">Expediente<\/h1>\t\t<\/div>\n\t\t\t\t<\/div>\n\t\t\t\t\t<\/div>\n\t\t<\/div>\n\t\t\t\t\t<\/div>\n\t\t<\/section>\n\t\t\t\t<section class=\"elementor-section elementor-top-section elementor-element elementor-element-97e3248 elementor-section-boxed elementor-section-height-default elementor-section-height-default exad-glass-effect-no exad-sticky-section-no\" data-id=\"97e3248\" data-element_type=\"section\">\n\t\t\t\t\t\t<div class=\"elementor-container elementor-column-gap-default\">\n\t\t\t\t\t<div class=\"elementor-column elementor-col-100 elementor-top-column elementor-element elementor-element-93812a3 exad-glass-effect-no exad-sticky-section-no\" data-id=\"93812a3\" data-element_type=\"column\">\n\t\t\t<div class=\"elementor-widget-wrap elementor-element-populated\">\n\t\t\t\t\t\t<div class=\"elementor-element elementor-element-8db1991 exad-sticky-section-no exad-glass-effect-no elementor-widget elementor-widget-heading\" data-id=\"8db1991\" data-element_type=\"widget\" data-widget_type=\"heading.default\">\n\t\t\t\t<div class=\"elementor-widget-container\">\n\t\t\t<h3 class=\"elementor-heading-title elementor-size-default\">FUNDA\u00c7\u00c3O DEM\u00d3CRITO ROCHA (FDR)<\/h3>\t\t<\/div>\n\t\t\t\t<\/div>\n\t\t\t\t<div class=\"elementor-element elementor-element-05dffc3 exad-sticky-section-no exad-glass-effect-no elementor-widget elementor-widget-heading\" data-id=\"05dffc3\" data-element_type=\"widget\" data-widget_type=\"heading.default\">\n\t\t\t\t<div class=\"elementor-widget-container\">\n\t\t\t<h5 class=\"elementor-heading-title elementor-size-default\">Presidente<\/h5>\t\t<\/div>\n\t\t\t\t<\/div>\n\t\t\t\t<div class=\"elementor-element elementor-element-64ad99c exad-sticky-section-no exad-glass-effect-no elementor-widget elementor-widget-heading\" data-id=\"64ad99c\" data-element_type=\"widget\" data-widget_type=\"heading.default\">\n\t\t\t\t<div class=\"elementor-widget-container\">\n\t\t\t<p class=\"elementor-heading-title elementor-size-default\">LUCIANA DUMMAR<\/p>\t\t<\/div>\n\t\t\t\t<\/div>\n\t\t\t\t<div class=\"elementor-element elementor-element-75a60f7 exad-sticky-section-no exad-glass-effect-no elementor-widget elementor-widget-heading\" data-id=\"75a60f7\" data-element_type=\"widget\" data-widget_type=\"heading.default\">\n\t\t\t\t<div class=\"elementor-widget-container\">\n\t\t\t<h5 class=\"elementor-heading-title elementor-size-default\">Dire\u00e7\u00e3o Administrativo-Financeira <\/h5>\t\t<\/div>\n\t\t\t\t<\/div>\n\t\t\t\t<div class=\"elementor-element elementor-element-2bf20ae exad-sticky-section-no exad-glass-effect-no elementor-widget elementor-widget-heading\" data-id=\"2bf20ae\" data-element_type=\"widget\" data-widget_type=\"heading.default\">\n\t\t\t\t<div class=\"elementor-widget-container\">\n\t\t\t<p class=\"elementor-heading-title elementor-size-default\">ANDR\u00c9 AVELINO DE AZEVEDO <\/p>\t\t<\/div>\n\t\t\t\t<\/div>\n\t\t\t\t<div class=\"elementor-element elementor-element-d9f09b5 exad-sticky-section-no exad-glass-effect-no elementor-widget elementor-widget-heading\" data-id=\"d9f09b5\" data-element_type=\"widget\" data-widget_type=\"heading.default\">\n\t\t\t\t<div class=\"elementor-widget-container\">\n\t\t\t<h5 class=\"elementor-heading-title elementor-size-default\">Ger\u00eancia Geral<\/h5>\t\t<\/div>\n\t\t\t\t<\/div>\n\t\t\t\t<div class=\"elementor-element elementor-element-11b56c3 exad-sticky-section-no exad-glass-effect-no elementor-widget elementor-widget-heading\" data-id=\"11b56c3\" data-element_type=\"widget\" data-widget_type=\"heading.default\">\n\t\t\t\t<div class=\"elementor-widget-container\">\n\t\t\t<p class=\"elementor-heading-title elementor-size-default\">MARCOS TARDIN<\/p>\t\t<\/div>\n\t\t\t\t<\/div>\n\t\t\t\t<div class=\"elementor-element elementor-element-0808001 exad-sticky-section-no exad-glass-effect-no elementor-widget elementor-widget-heading\" data-id=\"0808001\" data-element_type=\"widget\" data-widget_type=\"heading.default\">\n\t\t\t\t<div class=\"elementor-widget-container\">\n\t\t\t<h5 class=\"elementor-heading-title elementor-size-default\">Ger\u00eancia Editorial e de Projetos<\/h5>\t\t<\/div>\n\t\t\t\t<\/div>\n\t\t\t\t<div class=\"elementor-element elementor-element-7668aaf exad-sticky-section-no exad-glass-effect-no elementor-widget elementor-widget-heading\" data-id=\"7668aaf\" data-element_type=\"widget\" data-widget_type=\"heading.default\">\n\t\t\t\t<div class=\"elementor-widget-container\">\n\t\t\t<p class=\"elementor-heading-title elementor-size-default\">RAYMUNDO NETTO<\/p>\t\t<\/div>\n\t\t\t\t<\/div>\n\t\t\t\t<div class=\"elementor-element elementor-element-ba0c68a exad-sticky-section-no exad-glass-effect-no elementor-widget elementor-widget-heading\" data-id=\"ba0c68a\" data-element_type=\"widget\" data-widget_type=\"heading.default\">\n\t\t\t\t<div class=\"elementor-widget-container\">\n\t\t\t<h5 class=\"elementor-heading-title elementor-size-default\">Ger\u00eancia do Canal FDR<\/h5>\t\t<\/div>\n\t\t\t\t<\/div>\n\t\t\t\t<div class=\"elementor-element elementor-element-b2b5a64 exad-sticky-section-no exad-glass-effect-no elementor-widget elementor-widget-heading\" data-id=\"b2b5a64\" data-element_type=\"widget\" data-widget_type=\"heading.default\">\n\t\t\t\t<div class=\"elementor-widget-container\">\n\t\t\t<p class=\"elementor-heading-title elementor-size-default\">CHICO MARINHO<\/p>\t\t<\/div>\n\t\t\t\t<\/div>\n\t\t\t\t<div class=\"elementor-element elementor-element-79bb5ab exad-sticky-section-no exad-glass-effect-no elementor-widget elementor-widget-heading\" data-id=\"79bb5ab\" data-element_type=\"widget\" data-widget_type=\"heading.default\">\n\t\t\t\t<div class=\"elementor-widget-container\">\n\t\t\t<h5 class=\"elementor-heading-title elementor-size-default\">Ger\u00eancia de Marketing & Design<\/h5>\t\t<\/div>\n\t\t\t\t<\/div>\n\t\t\t\t<div class=\"elementor-element elementor-element-e14c202 exad-sticky-section-no exad-glass-effect-no elementor-widget elementor-widget-heading\" data-id=\"e14c202\" data-element_type=\"widget\" data-widget_type=\"heading.default\">\n\t\t\t\t<div class=\"elementor-widget-container\">\n\t\t\t<p class=\"elementor-heading-title elementor-size-default\">ANDREA ARAUJO<\/p>\t\t<\/div>\n\t\t\t\t<\/div>\n\t\t\t\t<div class=\"elementor-element elementor-element-85b8bfe exad-sticky-section-no exad-glass-effect-no elementor-widget elementor-widget-heading\" data-id=\"85b8bfe\" data-element_type=\"widget\" data-widget_type=\"heading.default\">\n\t\t\t\t<div class=\"elementor-widget-container\">\n\t\t\t<h5 class=\"elementor-heading-title elementor-size-default\">An\u00e1lise de Marketing<\/h5>\t\t<\/div>\n\t\t\t\t<\/div>\n\t\t\t\t<div class=\"elementor-element elementor-element-cbf5ee8 exad-sticky-section-no exad-glass-effect-no elementor-widget elementor-widget-heading\" data-id=\"cbf5ee8\" data-element_type=\"widget\" data-widget_type=\"heading.default\">\n\t\t\t\t<div class=\"elementor-widget-container\">\n\t\t\t<p class=\"elementor-heading-title elementor-size-default\">F\u00c1BIO BRAGA<\/p>\t\t<\/div>\n\t\t\t\t<\/div>\n\t\t\t\t<div class=\"elementor-element elementor-element-3933aa0 exad-sticky-section-no exad-glass-effect-no elementor-widget elementor-widget-heading\" data-id=\"3933aa0\" data-element_type=\"widget\" data-widget_type=\"heading.default\">\n\t\t\t\t<div class=\"elementor-widget-container\">\n\t\t\t<h5 class=\"elementor-heading-title elementor-size-default\">An\u00e1lise de Projetos<\/h5>\t\t<\/div>\n\t\t\t\t<\/div>\n\t\t\t\t<div class=\"elementor-element elementor-element-f390a4b exad-sticky-section-no exad-glass-effect-no elementor-widget elementor-widget-heading\" data-id=\"f390a4b\" data-element_type=\"widget\" data-widget_type=\"heading.default\">\n\t\t\t\t<div class=\"elementor-widget-container\">\n\t\t\t<p class=\"elementor-heading-title elementor-size-default\">AURELINO FREITAS<\/p>\t\t<\/div>\n\t\t\t\t<\/div>\n\t\t\t\t<div class=\"elementor-element elementor-element-2b9bcdb exad-sticky-section-no exad-glass-effect-no elementor-widget elementor-widget-heading\" data-id=\"2b9bcdb\" data-element_type=\"widget\" data-widget_type=\"heading.default\">\n\t\t\t\t<div class=\"elementor-widget-container\">\n\t\t\t<p class=\"elementor-heading-title elementor-size-default\">FABR\u00cdCIA GOIS<\/p>\t\t<\/div>\n\t\t\t\t<\/div>\n\t\t\t\t<div class=\"elementor-element elementor-element-8be91e5 exad-sticky-section-no exad-glass-effect-no elementor-widget elementor-widget-heading\" data-id=\"8be91e5\" data-element_type=\"widget\" data-widget_type=\"heading.default\">\n\t\t\t\t<div class=\"elementor-widget-container\">\n\t\t\t<h5 class=\"elementor-heading-title elementor-size-default\">Edi\u00e7\u00e3o de M\u00eddias<\/h5>\t\t<\/div>\n\t\t\t\t<\/div>\n\t\t\t\t<div class=\"elementor-element elementor-element-2a1b0bb exad-sticky-section-no exad-glass-effect-no elementor-widget elementor-widget-heading\" data-id=\"2a1b0bb\" data-element_type=\"widget\" data-widget_type=\"heading.default\">\n\t\t\t\t<div class=\"elementor-widget-container\">\n\t\t\t<p class=\"elementor-heading-title elementor-size-default\">ISABEL VALE<\/p>\t\t<\/div>\n\t\t\t\t<\/div>\n\t\t\t\t<div class=\"elementor-element elementor-element-65395d4 exad-sticky-section-no exad-glass-effect-no elementor-widget elementor-widget-heading\" data-id=\"65395d4\" data-element_type=\"widget\" data-widget_type=\"heading.default\">\n\t\t\t\t<div class=\"elementor-widget-container\">\n\t\t\t<h3 class=\"elementor-heading-title elementor-size-default\">UNIVERSIDADE ABERTA DO NORDESTE (UANE)<\/h3>\t\t<\/div>\n\t\t\t\t<\/div>\n\t\t\t\t<div class=\"elementor-element elementor-element-55d24f7 exad-sticky-section-no exad-glass-effect-no elementor-widget elementor-widget-heading\" data-id=\"55d24f7\" data-element_type=\"widget\" data-widget_type=\"heading.default\">\n\t\t\t\t<div class=\"elementor-widget-container\">\n\t\t\t<h5 class=\"elementor-heading-title elementor-size-default\">Ger\u00eancia Pedag\u00f3gica<\/h5>\t\t<\/div>\n\t\t\t\t<\/div>\n\t\t\t\t<div class=\"elementor-element elementor-element-3f9a401 exad-sticky-section-no exad-glass-effect-no elementor-widget elementor-widget-heading\" data-id=\"3f9a401\" data-element_type=\"widget\" data-widget_type=\"heading.default\">\n\t\t\t\t<div class=\"elementor-widget-container\">\n\t\t\t<p class=\"elementor-heading-title elementor-size-default\">VIVIANE PEREIRA<\/p>\t\t<\/div>\n\t\t\t\t<\/div>\n\t\t\t\t<div class=\"elementor-element elementor-element-0fc80e3 exad-sticky-section-no exad-glass-effect-no elementor-widget elementor-widget-heading\" data-id=\"0fc80e3\" data-element_type=\"widget\" data-widget_type=\"heading.default\">\n\t\t\t\t<div class=\"elementor-widget-container\">\n\t\t\t<h5 class=\"elementor-heading-title elementor-size-default\">Coordena\u00e7\u00e3o de Cursos<\/h5>\t\t<\/div>\n\t\t\t\t<\/div>\n\t\t\t\t<div class=\"elementor-element elementor-element-906bfa0 exad-sticky-section-no exad-glass-effect-no elementor-widget elementor-widget-heading\" data-id=\"906bfa0\" data-element_type=\"widget\" data-widget_type=\"heading.default\">\n\t\t\t\t<div class=\"elementor-widget-container\">\n\t\t\t<p class=\"elementor-heading-title elementor-size-default\">MARISA FERREIRA<\/p>\t\t<\/div>\n\t\t\t\t<\/div>\n\t\t\t\t<div class=\"elementor-element elementor-element-09cd3e2 exad-sticky-section-no exad-glass-effect-no elementor-widget elementor-widget-heading\" data-id=\"09cd3e2\" data-element_type=\"widget\" data-widget_type=\"heading.default\">\n\t\t\t\t<div class=\"elementor-widget-container\">\n\t\t\t<h5 class=\"elementor-heading-title elementor-size-default\">Design Educacional<\/h5>\t\t<\/div>\n\t\t\t\t<\/div>\n\t\t\t\t<div class=\"elementor-element elementor-element-0177713 exad-sticky-section-no exad-glass-effect-no elementor-widget elementor-widget-heading\" data-id=\"0177713\" data-element_type=\"widget\" data-widget_type=\"heading.default\">\n\t\t\t\t<div class=\"elementor-widget-container\">\n\t\t\t<p class=\"elementor-heading-title elementor-size-default\">JOEL LIMA<\/p>\t\t<\/div>\n\t\t\t\t<\/div>\n\t\t\t\t<div class=\"elementor-element elementor-element-dc36d55 exad-sticky-section-no exad-glass-effect-no elementor-widget elementor-widget-heading\" data-id=\"dc36d55\" data-element_type=\"widget\" data-widget_type=\"heading.default\">\n\t\t\t\t<div class=\"elementor-widget-container\">\n\t\t\t<h5 class=\"elementor-heading-title elementor-size-default\">Front End<\/h5>\t\t<\/div>\n\t\t\t\t<\/div>\n\t\t\t\t<div class=\"elementor-element elementor-element-304caea exad-sticky-section-no exad-glass-effect-no elementor-widget elementor-widget-heading\" data-id=\"304caea\" data-element_type=\"widget\" data-widget_type=\"heading.default\">\n\t\t\t\t<div class=\"elementor-widget-container\">\n\t\t\t<p class=\"elementor-heading-title elementor-size-default\">ISABELA MARQUES<\/p>\t\t<\/div>\n\t\t\t\t<\/div>\n\t\t\t\t<div class=\"elementor-element elementor-element-d3acdd4 exad-sticky-section-no exad-glass-effect-no elementor-widget elementor-widget-heading\" data-id=\"d3acdd4\" data-element_type=\"widget\" data-widget_type=\"heading.default\">\n\t\t\t\t<div class=\"elementor-widget-container\">\n\t\t\t<h3 class=\"elementor-heading-title elementor-size-default\">INCLUS\u00c3O SOCIAL ATRAV\u00c9S DO ESPORTE<\/h3>\t\t<\/div>\n\t\t\t\t<\/div>\n\t\t\t\t<div class=\"elementor-element elementor-element-ae83017 exad-sticky-section-no exad-glass-effect-no elementor-widget elementor-widget-heading\" data-id=\"ae83017\" data-element_type=\"widget\" data-widget_type=\"heading.default\">\n\t\t\t\t<div class=\"elementor-widget-container\">\n\t\t\t<h5 class=\"elementor-heading-title elementor-size-default\">CONCEP\u00c7\u00c3O E COORDENA\u00c7\u00c3O GERAL<\/h5>\t\t<\/div>\n\t\t\t\t<\/div>\n\t\t\t\t<div class=\"elementor-element elementor-element-4825226 exad-sticky-section-no exad-glass-effect-no elementor-widget elementor-widget-heading\" data-id=\"4825226\" data-element_type=\"widget\" data-widget_type=\"heading.default\">\n\t\t\t\t<div class=\"elementor-widget-container\">\n\t\t\t<p class=\"elementor-heading-title elementor-size-default\">VAL\u00c9RIA XAVIER<\/p>\t\t<\/div>\n\t\t\t\t<\/div>\n\t\t\t\t<div class=\"elementor-element elementor-element-272f0c7 exad-sticky-section-no exad-glass-effect-no elementor-widget elementor-widget-heading\" data-id=\"272f0c7\" data-element_type=\"widget\" data-widget_type=\"heading.default\">\n\t\t\t\t<div class=\"elementor-widget-container\">\n\t\t\t<h5 class=\"elementor-heading-title elementor-size-default\">An\u00e1lise de Projetos<\/h5>\t\t<\/div>\n\t\t\t\t<\/div>\n\t\t\t\t<div class=\"elementor-element elementor-element-9c37ded exad-sticky-section-no exad-glass-effect-no elementor-widget elementor-widget-heading\" data-id=\"9c37ded\" data-element_type=\"widget\" data-widget_type=\"heading.default\">\n\t\t\t\t<div class=\"elementor-widget-container\">\n\t\t\t<p class=\"elementor-heading-title elementor-size-default\">JULIANA MONTENEGRO<\/p>\t\t<\/div>\n\t\t\t\t<\/div>\n\t\t\t\t<div class=\"elementor-element elementor-element-98c9bb2 exad-sticky-section-no exad-glass-effect-no elementor-widget elementor-widget-heading\" data-id=\"98c9bb2\" data-element_type=\"widget\" data-widget_type=\"heading.default\">\n\t\t\t\t<div class=\"elementor-widget-container\">\n\t\t\t<h5 class=\"elementor-heading-title elementor-size-default\">Produ\u00e7\u00e3o de Conte\u00fado <\/h5>\t\t<\/div>\n\t\t\t\t<\/div>\n\t\t\t\t<div class=\"elementor-element elementor-element-379b214 exad-sticky-section-no exad-glass-effect-no elementor-widget elementor-widget-heading\" data-id=\"379b214\" data-element_type=\"widget\" data-widget_type=\"heading.default\">\n\t\t\t\t<div class=\"elementor-widget-container\">\n\t\t\t<p class=\"elementor-heading-title elementor-size-default\">BEATRIZ CALDAS<\/p>\t\t<\/div>\n\t\t\t\t<\/div>\n\t\t\t\t<div class=\"elementor-element elementor-element-00d4fb5 exad-sticky-section-no exad-glass-effect-no elementor-widget elementor-widget-heading\" data-id=\"00d4fb5\" data-element_type=\"widget\" data-widget_type=\"heading.default\">\n\t\t\t\t<div class=\"elementor-widget-container\">\n\t\t\t<h5 class=\"elementor-heading-title elementor-size-default\">Designer<\/h5>\t\t<\/div>\n\t\t\t\t<\/div>\n\t\t\t\t<div class=\"elementor-element elementor-element-f7d00b3 exad-sticky-section-no exad-glass-effect-no elementor-widget elementor-widget-heading\" data-id=\"f7d00b3\" data-element_type=\"widget\" data-widget_type=\"heading.default\">\n\t\t\t\t<div class=\"elementor-widget-container\">\n\t\t\t<p class=\"elementor-heading-title elementor-size-default\">MATHEUS SALES<\/p>\t\t<\/div>\n\t\t\t\t<\/div>\n\t\t\t\t<div class=\"elementor-element elementor-element-db29fdc exad-sticky-section-no exad-glass-effect-no elementor-widget elementor-widget-heading\" data-id=\"db29fdc\" data-element_type=\"widget\" data-widget_type=\"heading.default\">\n\t\t\t\t<div class=\"elementor-widget-container\">\n\t\t\t<h5 class=\"elementor-heading-title elementor-size-default\">Front-End<\/h5>\t\t<\/div>\n\t\t\t\t<\/div>\n\t\t\t\t<div class=\"elementor-element elementor-element-b85cae1 exad-sticky-section-no exad-glass-effect-no elementor-widget elementor-widget-heading\" data-id=\"b85cae1\" data-element_type=\"widget\" data-widget_type=\"heading.default\">\n\t\t\t\t<div class=\"elementor-widget-container\">\n\t\t\t<p class=\"elementor-heading-title elementor-size-default\">MICHELE MEDEIROS<\/p>\t\t<\/div>\n\t\t\t\t<\/div>\n\t\t\t\t\t<\/div>\n\t\t<\/div>\n\t\t\t\t\t<\/div>\n\t\t<\/section>\n\t\t\t\t<\/div>\n\t\t\r\n\t\t\t\t\t\t\t<div class=\"exad-close-btn\">\r\n\t\t\t\t\t\t\t\t<span><\/span>\r\n\t\t\t\t\t\t\t<\/div>\r\n\r\n\t\t\t\t\t\t<\/div>\r\n\t\t\t\t\t<\/div>\r\n\t\t\t\t<\/div>\r\n\t\t\t<\/div>\r\n\t\t\t<div class=\"exad-modal-overlay\" data-exad_overlay_click_close=\"yes\"><\/div>\r\n\t\t<\/div>\r\n\t\t\t<\/div>\n\t\t\t\t<\/div>\n\t\t\t\t\t<\/div>\n\t\t<\/div>\n\t\t\t\t\t<\/div>\n\t\t<\/section>\n\t\t\t\t<\/div>\n\t\t","protected":false},"excerpt":{"rendered":"<p>Apresenta\u00e7\u00e3o Curso Webinar Inscri\u00e7\u00e3o V\u00eddeos ACESSE O CONTE\u00daDO Apresenta\u00e7\u00e3o O esporte \u00e9 reconhecido como fen\u00f4meno plural e agregador capaz de agir como um facilitador importante do desenvolvimento humano e unificador dos povos para uma cultura de paz. No Brasil, como lei, o Estatuto da Juventude \u00e9 afirmativo ao declarar o direito ao esporte e ao [&hellip;]<\/p>\n","protected":false},"author":11,"featured_media":0,"parent":0,"menu_order":0,"comment_status":"closed","ping_status":"closed","template":"elementor_canvas","meta":{"footnotes":""},"class_list":["post-12","page","type-page","status-publish","hentry"],"yoast_head":"<!-- This site is optimized with the Yoast SEO plugin v23.3 - https:\/\/yoast.com\/wordpress\/plugins\/seo\/ -->\n<title>Inclus\u00e3o Atrav\u00e9s do Esporte - Inclusao Atraves do eEporte<\/title>\n<meta name=\"robots\" content=\"index, follow, max-snippet:-1, max-image-preview:large, max-video-preview:-1\" \/>\n<link rel=\"canonical\" href=\"https:\/\/fdr.org.br\/inclusaoatravesdoesporte\/\" \/>\n<meta property=\"og:locale\" content=\"pt_BR\" \/>\n<meta property=\"og:type\" content=\"article\" \/>\n<meta property=\"og:title\" content=\"Inclus\u00e3o Atrav\u00e9s do Esporte - Inclusao Atraves do eEporte\" \/>\n<meta property=\"og:description\" content=\"Apresenta\u00e7\u00e3o Curso Webinar Inscri\u00e7\u00e3o V\u00eddeos ACESSE O CONTE\u00daDO Apresenta\u00e7\u00e3o O esporte \u00e9 reconhecido como fen\u00f4meno plural e agregador capaz de agir como um facilitador importante do desenvolvimento humano e unificador dos povos para uma cultura de paz. No Brasil, como lei, o Estatuto da Juventude \u00e9 afirmativo ao declarar o direito ao esporte e ao [&hellip;]\" \/>\n<meta property=\"og:url\" content=\"https:\/\/fdr.org.br\/inclusaoatravesdoesporte\/\" \/>\n<meta property=\"og:site_name\" content=\"Inclusao Atraves do eEporte\" \/>\n<meta property=\"article:modified_time\" content=\"2023-04-20T19:15:42+00:00\" \/>\n<meta property=\"og:image\" content=\"http:\/\/fdr.org.br\/inclusaoatravesdoesporte\/wp-content\/uploads\/sites\/29\/2021\/07\/isade-logo.png\" \/>\n<meta name=\"twitter:card\" content=\"summary_large_image\" \/>\n<meta name=\"twitter:label1\" content=\"Est. tempo de leitura\" \/>\n\t<meta name=\"twitter:data1\" content=\"19 minutos\" \/>\n<script type=\"application\/ld+json\" class=\"yoast-schema-graph\">{\"@context\":\"https:\/\/schema.org\",\"@graph\":[{\"@type\":\"WebPage\",\"@id\":\"https:\/\/fdr.org.br\/inclusaoatravesdoesporte\/\",\"url\":\"https:\/\/fdr.org.br\/inclusaoatravesdoesporte\/\",\"name\":\"Inclus\u00e3o Atrav\u00e9s do Esporte - Inclusao Atraves do eEporte\",\"isPartOf\":{\"@id\":\"https:\/\/fdr.org.br\/inclusaoatravesdoesporte\/#website\"},\"primaryImageOfPage\":{\"@id\":\"https:\/\/fdr.org.br\/inclusaoatravesdoesporte\/#primaryimage\"},\"image\":{\"@id\":\"https:\/\/fdr.org.br\/inclusaoatravesdoesporte\/#primaryimage\"},\"thumbnailUrl\":\"http:\/\/fdr.org.br\/inclusaoatravesdoesporte\/wp-content\/uploads\/sites\/29\/2021\/07\/isade-logo.png\",\"datePublished\":\"2021-07-16T20:05:51+00:00\",\"dateModified\":\"2023-04-20T19:15:42+00:00\",\"breadcrumb\":{\"@id\":\"https:\/\/fdr.org.br\/inclusaoatravesdoesporte\/#breadcrumb\"},\"inLanguage\":\"pt-BR\",\"potentialAction\":[{\"@type\":\"ReadAction\",\"target\":[\"https:\/\/fdr.org.br\/inclusaoatravesdoesporte\/\"]}]},{\"@type\":\"ImageObject\",\"inLanguage\":\"pt-BR\",\"@id\":\"https:\/\/fdr.org.br\/inclusaoatravesdoesporte\/#primaryimage\",\"url\":\"https:\/\/fdr.org.br\/inclusaoatravesdoesporte\/wp-content\/uploads\/sites\/29\/2021\/07\/isade-logo.png\",\"contentUrl\":\"https:\/\/fdr.org.br\/inclusaoatravesdoesporte\/wp-content\/uploads\/sites\/29\/2021\/07\/isade-logo.png\",\"width\":220,\"height\":103},{\"@type\":\"BreadcrumbList\",\"@id\":\"https:\/\/fdr.org.br\/inclusaoatravesdoesporte\/#breadcrumb\",\"itemListElement\":[{\"@type\":\"ListItem\",\"position\":1,\"name\":\"In\u00edcio\",\"item\":\"https:\/\/fdr.org.br\/inclusaoatravesdoesporte\/\"},{\"@type\":\"ListItem\",\"position\":2,\"name\":\"Inclus\u00e3o Atrav\u00e9s do Esporte\"}]},{\"@type\":\"WebSite\",\"@id\":\"https:\/\/fdr.org.br\/inclusaoatravesdoesporte\/#website\",\"url\":\"https:\/\/fdr.org.br\/inclusaoatravesdoesporte\/\",\"name\":\"Inclusao Atraves do eEporte\",\"description\":\"S\u00f3 mais um site fdr sites\",\"potentialAction\":[{\"@type\":\"SearchAction\",\"target\":{\"@type\":\"EntryPoint\",\"urlTemplate\":\"https:\/\/fdr.org.br\/inclusaoatravesdoesporte\/?s={search_term_string}\"},\"query-input\":\"required name=search_term_string\"}],\"inLanguage\":\"pt-BR\"}]}<\/script>\n<!-- \/ Yoast SEO plugin. -->","yoast_head_json":{"title":"Inclus\u00e3o Atrav\u00e9s do Esporte - Inclusao Atraves do eEporte","robots":{"index":"index","follow":"follow","max-snippet":"max-snippet:-1","max-image-preview":"max-image-preview:large","max-video-preview":"max-video-preview:-1"},"canonical":"https:\/\/fdr.org.br\/inclusaoatravesdoesporte\/","og_locale":"pt_BR","og_type":"article","og_title":"Inclus\u00e3o Atrav\u00e9s do Esporte - Inclusao Atraves do eEporte","og_description":"Apresenta\u00e7\u00e3o Curso Webinar Inscri\u00e7\u00e3o V\u00eddeos ACESSE O CONTE\u00daDO Apresenta\u00e7\u00e3o O esporte \u00e9 reconhecido como fen\u00f4meno plural e agregador capaz de agir como um facilitador importante do desenvolvimento humano e unificador dos povos para uma cultura de paz. No Brasil, como lei, o Estatuto da Juventude \u00e9 afirmativo ao declarar o direito ao esporte e ao [&hellip;]","og_url":"https:\/\/fdr.org.br\/inclusaoatravesdoesporte\/","og_site_name":"Inclusao Atraves do eEporte","article_modified_time":"2023-04-20T19:15:42+00:00","og_image":[{"url":"http:\/\/fdr.org.br\/inclusaoatravesdoesporte\/wp-content\/uploads\/sites\/29\/2021\/07\/isade-logo.png"}],"twitter_card":"summary_large_image","twitter_misc":{"Est. tempo de leitura":"19 minutos"},"schema":{"@context":"https:\/\/schema.org","@graph":[{"@type":"WebPage","@id":"https:\/\/fdr.org.br\/inclusaoatravesdoesporte\/","url":"https:\/\/fdr.org.br\/inclusaoatravesdoesporte\/","name":"Inclus\u00e3o Atrav\u00e9s do Esporte - Inclusao Atraves do eEporte","isPartOf":{"@id":"https:\/\/fdr.org.br\/inclusaoatravesdoesporte\/#website"},"primaryImageOfPage":{"@id":"https:\/\/fdr.org.br\/inclusaoatravesdoesporte\/#primaryimage"},"image":{"@id":"https:\/\/fdr.org.br\/inclusaoatravesdoesporte\/#primaryimage"},"thumbnailUrl":"http:\/\/fdr.org.br\/inclusaoatravesdoesporte\/wp-content\/uploads\/sites\/29\/2021\/07\/isade-logo.png","datePublished":"2021-07-16T20:05:51+00:00","dateModified":"2023-04-20T19:15:42+00:00","breadcrumb":{"@id":"https:\/\/fdr.org.br\/inclusaoatravesdoesporte\/#breadcrumb"},"inLanguage":"pt-BR","potentialAction":[{"@type":"ReadAction","target":["https:\/\/fdr.org.br\/inclusaoatravesdoesporte\/"]}]},{"@type":"ImageObject","inLanguage":"pt-BR","@id":"https:\/\/fdr.org.br\/inclusaoatravesdoesporte\/#primaryimage","url":"https:\/\/fdr.org.br\/inclusaoatravesdoesporte\/wp-content\/uploads\/sites\/29\/2021\/07\/isade-logo.png","contentUrl":"https:\/\/fdr.org.br\/inclusaoatravesdoesporte\/wp-content\/uploads\/sites\/29\/2021\/07\/isade-logo.png","width":220,"height":103},{"@type":"BreadcrumbList","@id":"https:\/\/fdr.org.br\/inclusaoatravesdoesporte\/#breadcrumb","itemListElement":[{"@type":"ListItem","position":1,"name":"In\u00edcio","item":"https:\/\/fdr.org.br\/inclusaoatravesdoesporte\/"},{"@type":"ListItem","position":2,"name":"Inclus\u00e3o Atrav\u00e9s do Esporte"}]},{"@type":"WebSite","@id":"https:\/\/fdr.org.br\/inclusaoatravesdoesporte\/#website","url":"https:\/\/fdr.org.br\/inclusaoatravesdoesporte\/","name":"Inclusao Atraves do eEporte","description":"S\u00f3 mais um site fdr sites","potentialAction":[{"@type":"SearchAction","target":{"@type":"EntryPoint","urlTemplate":"https:\/\/fdr.org.br\/inclusaoatravesdoesporte\/?s={search_term_string}"},"query-input":"required name=search_term_string"}],"inLanguage":"pt-BR"}]}},"_links":{"self":[{"href":"https:\/\/fdr.org.br\/inclusaoatravesdoesporte\/wp-json\/wp\/v2\/pages\/12","targetHints":{"allow":["GET"]}}],"collection":[{"href":"https:\/\/fdr.org.br\/inclusaoatravesdoesporte\/wp-json\/wp\/v2\/pages"}],"about":[{"href":"https:\/\/fdr.org.br\/inclusaoatravesdoesporte\/wp-json\/wp\/v2\/types\/page"}],"author":[{"embeddable":true,"href":"https:\/\/fdr.org.br\/inclusaoatravesdoesporte\/wp-json\/wp\/v2\/users\/11"}],"replies":[{"embeddable":true,"href":"https:\/\/fdr.org.br\/inclusaoatravesdoesporte\/wp-json\/wp\/v2\/comments?post=12"}],"version-history":[{"count":401,"href":"https:\/\/fdr.org.br\/inclusaoatravesdoesporte\/wp-json\/wp\/v2\/pages\/12\/revisions"}],"predecessor-version":[{"id":510,"href":"https:\/\/fdr.org.br\/inclusaoatravesdoesporte\/wp-json\/wp\/v2\/pages\/12\/revisions\/510"}],"wp:attachment":[{"href":"https:\/\/fdr.org.br\/inclusaoatravesdoesporte\/wp-json\/wp\/v2\/media?parent=12"}],"curies":[{"name":"wp","href":"https:\/\/api.w.org\/{rel}","templated":true}]}}